{"id":13,"date":"2014-03-31T21:24:28","date_gmt":"2014-03-31T19:24:28","guid":{"rendered":"http:\/\/biharugra.reformatus.hu\/?page_id=13"},"modified":"2022-09-26T07:56:40","modified_gmt":"2022-09-26T06:56:40","slug":"impresszum","status":"publish","type":"page","link":"https:\/\/biharugra.reformatus.hu\/?page_id=13","title":{"rendered":"El\u00e9rhet\u0151s\u00e9geink"},"content":{"rendered":"<div class=\"entry-content\" itemprop=\"text\">\n<table border=\"0px\">\n<tbody>\n<tr>\n<td width=\"400px\"><img data-recalc-dims=\"1\" loading=\"lazy\" decoding=\"async\" data-attachment-id=\"402\" data-permalink=\"https:\/\/biharugra.reformatus.hu\/?attachment_id=402\" data-orig-file=\"https:\/\/i0.wp.com\/biharugra.reformatus.hu\/wp-content\/uploads\/2014\/04\/BU_cimer.png?fit=217%2C251&amp;ssl=1\" data-orig-size=\"217,251\" data-comments-opened=\"0\" data-image-meta=\"{&quot;aperture&quot;:&quot;0&quot;,&quot;credit&quot;:&quot;&quot;,&quot;camera&quot;:&quot;&quot;,&quot;caption&quot;:&quot;&quot;,&quot;created_timestamp&quot;:&quot;0&quot;,&quot;copyright&quot;:&quot;&quot;,&quot;focal_length&quot;:&quot;0&quot;,&quot;iso&quot;:&quot;0&quot;,&quot;shutter_speed&quot;:&quot;0&quot;,&quot;title&quot;:&quot;&quot;}\" data-image-title=\"BU_cimer\" data-image-description=\"\" data-image-caption=\"\" data-large-file=\"https:\/\/i0.wp.com\/biharugra.reformatus.hu\/wp-content\/uploads\/2014\/04\/BU_cimer.png?fit=217%2C251&amp;ssl=1\" class=\"aligncenter size-full wp-image-402\" src=\"https:\/\/i0.wp.com\/biharugra.reformatus.hu\/wp-content\/uploads\/2014\/04\/BU_cimer.png?resize=217%2C251\" alt=\"\" width=\"217\" height=\"251\" \/><\/td>\n<td><p class=\"lead\"><strong>Biharugrai Reform\u00e1tus Egyh\u00e1zk\u00f6zs\u00e9g &#8211; Lelk\u00e9szi Hivatala<\/p><\/strong>\n<p>\u00a0<\/p>\n<p><strong>Levelez\u00e9si c\u00edm:<\/strong> 5538 Biharugra, Erzs\u00e9bet utca 46.<br \/><strong>Telefon:<\/strong> +36 20 965 1449<br \/><strong>E-mail:<\/strong> refbiharugra@gmail.com<\/p>\n<p class=\"lead\"><strong>Heti rendszeress\u00e9g\u0171 alkalmaink:<\/strong><\/p>\n<p><strong>Istentisztelet<\/strong>: vas\u00e1rnap 10:30 \u00f3rakor<br \/><strong>Biblia\u00f3ra<\/strong>: cs\u00fct\u00f6rt\u00f6k 17:00 \u00f3rakor<br \/><strong>Ifj\u00fas\u00e1gi<\/strong> <strong>alkalom<\/strong>: szombat 15:00 \u00f3rakor<\/p>\n<\/td>\n<\/tr>\n<\/tbody>\n<\/table>\n<p class=\"lead text-center\"><em>Amennyiben t\u00e1mogatni szeretn\u00e9d gy\u00fclekezet\u00fcnket, azt megteheted a Takar\u00e9kbankn\u00e1l vezetett banksz\u00e1mlasz\u00e1munkra utalva:<\/em><\/p>\n\n\n<p class=\"has-text-align-center\"><strong>Biharugrai Reform\u00e1tus Egyh\u00e1zk\u00f6zs\u00e9g\n<\/strong><strong>54000021-10000245-00000000<\/strong><\/p>\n\n\n\n<p>&nbsp;<\/p><p>&nbsp;<\/p><p align=\"right\">Adatkezel\u00e9si t\u00e1j\u00e9koztat\u00f3nk <a href=\"http:\/\/biharugra.reformatus.hu\/?page_id=2287\">itt<\/a> \u00e9rhet\u0151 el.<\/p><\/p>\n\n\n<\/div>\n","protected":false},"excerpt":{"rendered":"<div class=\"entry-summary\" itemprop=\"text\">\n<p>\u00a0 Levelez\u00e9si c\u00edm: 5538 Biharugra, Erzs\u00e9bet utca 46.Telefon: +36 20 965 1449E-mail: refbiharugra@gmail.com Istentisztelet: vas\u00e1rnap 10:30 \u00f3rakorBiblia\u00f3ra: cs\u00fct\u00f6rt\u00f6k 17:00 \u00f3rakorIfj\u00fas\u00e1gi alkalom: szombat 15:00 \u00f3rakor Biharugrai Reform\u00e1tus Egyh\u00e1zk\u00f6zs\u00e9g 54000021-10000245-00000000 &nbsp; &nbsp; Adatkezel\u00e9si t\u00e1j\u00e9koztat\u00f3nk itt \u00e9rhet\u0151 el.<\/p>\n\n<\/div>\n","protected":false},"author":1,"featured_media":0,"parent":0,"menu_order":0,"comment_status":"closed","ping_status":"open","template":"","meta":{"footnotes":""},"class_list":["post-13","page","type-page","status-publish","hentry","entry-lead"],"jetpack_shortlink":"https:\/\/wp.me\/P9cS46-d","jetpack-related-posts":[{"id":1499,"url":"https:\/\/biharugra.reformatus.hu\/","url_meta":{"origin":13,"position":0},"title":"Nyit\u00f3lap","author":"Webmester","date":"2017.09.21.","format":false,"excerpt":"\u00a0 \u00a0 \u00a0 \u00a0 Levelez\u00e9si c\u00edm: 5538 Biharugra, Erzs\u00e9bet utca 46.Telefon: +36 20 965 1449E-mail: refbiharugra@gmail.com Istentisztelet: vas\u00e1rnap 10:30 \u00f3rakorBiblia\u00f3ra: cs\u00fct\u00f6rt\u00f6k 16:00 \u00f3rakor\u00c9nekkari pr\u00f3ba: cs\u00fct\u00f6rt\u00f6k 17:00 \u00f3rakor Biharugrai Reform\u00e1tus Egyh\u00e1zk\u00f6zs\u00e9g 54000021-10000245-00000000 \u00a0","rel":"","context":"Similar post","block_context":{"text":"Similar post","link":""},"img":{"alt_text":"","src":"https:\/\/i0.wp.com\/biharugra.reformatus.hu\/wp-content\/uploads\/2017\/09\/Bell.gif?resize=350%2C200&ssl=1","width":350,"height":200},"classes":[]},{"id":3715,"url":"https:\/\/biharugra.reformatus.hu\/?page_id=3715","url_meta":{"origin":13,"position":1},"title":"MFP-EKEB\/2022","author":"Webmester","date":"2024.04.16.","format":false,"excerpt":"MFP-EKEB\/2022 SZAKMAI BESZ\u00c1MOL\u00d3 a Magyar Falu Program keret\u00e9ben meghirdetett, \u201eEgyh\u00e1zi k\u00f6z\u00f6ss\u00e9gszervez\u00e9shez kapcsol\u00f3d\u00f3 eszk\u00f6zbeszerz\u00e9s \u00e9s k\u00f6z\u00f6ss\u00e9gszervez\u0151 b\u00e9rt\u00e1mogat\u00e1sa\u201d c\u00edm\u0171, MFP-EKEB\/2022 k\u00f3dsz\u00e1m\u00fa p\u00e1ly\u00e1zati ki\u00edr\u00e1sra beny\u00fajtott, 3345524428 iratazonos\u00edt\u00f3sz\u00e1mon nyilv\u00e1ntartott projekthez Biharugrai Reform\u00e1tus Egyh\u00e1zk\u00f6zs\u00e9g 2022.02.05. napon t\u00e1mogat\u00e1si k\u00e9relmet ny\u00fajtott be a Magyar Falu Program keret\u00e9ben meghirdetett, \u201eEgyh\u00e1zi k\u00f6z\u00f6ss\u00e9gszervez\u00e9shez kapcsol\u00f3d\u00f3 eszk\u00f6zbeszerz\u00e9s \u00e9s k\u00f6z\u00f6ss\u00e9gszervez\u0151 b\u00e9rt\u00e1mogat\u00e1sa - 2022\u201d\u2026","rel":"","context":"Similar post","block_context":{"text":"Similar post","link":""},"img":{"alt_text":"","src":"https:\/\/i0.wp.com\/biharugra.reformatus.hu\/wp-content\/uploads\/2024\/04\/304964413_5261388963929474_6269827510566790097_n.jpg?resize=350%2C200","width":350,"height":200,"srcset":"https:\/\/i0.wp.com\/biharugra.reformatus.hu\/wp-content\/uploads\/2024\/04\/304964413_5261388963929474_6269827510566790097_n.jpg?resize=350%2C200 1x, https:\/\/i0.wp.com\/biharugra.reformatus.hu\/wp-content\/uploads\/2024\/04\/304964413_5261388963929474_6269827510566790097_n.jpg?resize=525%2C300 1.5x, https:\/\/i0.wp.com\/biharugra.reformatus.hu\/wp-content\/uploads\/2024\/04\/304964413_5261388963929474_6269827510566790097_n.jpg?resize=700%2C400 2x, https:\/\/i0.wp.com\/biharugra.reformatus.hu\/wp-content\/uploads\/2024\/04\/304964413_5261388963929474_6269827510566790097_n.jpg?resize=1050%2C600 3x, https:\/\/i0.wp.com\/biharugra.reformatus.hu\/wp-content\/uploads\/2024\/04\/304964413_5261388963929474_6269827510566790097_n.jpg?resize=1400%2C800 4x"},"classes":[]},{"id":516,"url":"https:\/\/biharugra.reformatus.hu\/?page_id=516","url_meta":{"origin":13,"position":2},"title":"Gyerekt\u00e1bor &#8211; 2014","author":"Webmester","date":"2014.08.15.","format":false,"excerpt":"\u0150szt\u0151l k\u00e9t tan\u00edt\u00f3val tov\u00e1bb folytatj\u00e1k az als\u00f3 tagozatos oktat\u00e1st Biharugr\u00e1n. V\u00edgh Ilona, Biharugra polg\u00e1rmestere (FIDSZ-KDNP) bejelentette hogy \u0151szt\u0151l k\u00e9t tan\u00edt\u00f3val tov\u00e1bb folytatj\u00e1k az als\u00f3 tagozatos oktat\u00e1st Biharugr\u00e1n \u2013 tudta meg a R\u00e1di\u00f37. A faluban \u00f3ri\u00e1si hagyom\u00e1nyai vannak az oktat\u00e1snak, hiszen \u00fagy tartj\u00e1k, hogy a m\u00falt sz\u00e1zad elej\u00e9n 50 \u00e9ven \u00e1t\u2026","rel":"","context":"Similar post","block_context":{"text":"Similar post","link":""},"img":{"alt_text":"","src":"","width":0,"height":0},"classes":[]},{"id":3271,"url":"https:\/\/biharugra.reformatus.hu\/?page_id=3271","url_meta":{"origin":13,"position":3},"title":"EGYH-KCP-18-P-0054 \/ker\u00edt\u00e9s\/","author":"Webmester","date":"2020.10.12.","format":false,"excerpt":"EGYH-KCP-18-P-0054 Kedvezm\u00e9nyezett neve: Biharugrai Reform\u00e1tus Egyh\u00e1zk\u00f6zs\u00e9g Projekt c\u00edme: Fejleszt\u00e9s \u00e9s m\u0171k\u00f6d\u00e9si c\u00e9l\u00fa t\u00e1mogat\u00e1s Szerz\u0151d\u00f6tt t\u00e1mogat\u00e1s \u00f6sszege: 7.500.000 Ft T\u00e1mogat\u00e1s m\u00e9rt\u00e9ke: 100% Projekt tervezett\/t\u00e9nyleges befejez\u00e9si id\u0151pontja: 2020.12.31. Projekt azonos\u00edt\u00f3 sz\u00e1ma: EGYH-KCP-18-P-0054 Projekt tartalm\u00e1nak bemutat\u00e1sa: Projekt\u00fcnkben egyh\u00e1zk\u00f6zs\u00e9g\u00fcnk tulajdon\u00e1ban l\u00e9v\u0151 reform\u00e1tus par\u00f3kia fel\u00faj\u00edt\u00e1sa val\u00f3sul meg, mely \u00e1ltal a helyi k\u00f6z\u00f6ss\u00e9g\u00fcnk hit\u00e9leti tev\u00e9kenys\u00e9g\u00e9t, valamint\u2026","rel":"","context":"Similar post","block_context":{"text":"Similar post","link":""},"img":{"alt_text":"","src":"https:\/\/i0.wp.com\/biharugra.reformatus.hu\/wp-content\/uploads\/2020\/10\/DSC07256-scaled.jpg?resize=350%2C200","width":350,"height":200,"srcset":"https:\/\/i0.wp.com\/biharugra.reformatus.hu\/wp-content\/uploads\/2020\/10\/DSC07256-scaled.jpg?resize=350%2C200 1x, https:\/\/i0.wp.com\/biharugra.reformatus.hu\/wp-content\/uploads\/2020\/10\/DSC07256-scaled.jpg?resize=525%2C300 1.5x, https:\/\/i0.wp.com\/biharugra.reformatus.hu\/wp-content\/uploads\/2020\/10\/DSC07256-scaled.jpg?resize=700%2C400 2x, https:\/\/i0.wp.com\/biharugra.reformatus.hu\/wp-content\/uploads\/2020\/10\/DSC07256-scaled.jpg?resize=1050%2C600 3x, https:\/\/i0.wp.com\/biharugra.reformatus.hu\/wp-content\/uploads\/2020\/10\/DSC07256-scaled.jpg?resize=1400%2C800 4x"},"classes":[]},{"id":3187,"url":"https:\/\/biharugra.reformatus.hu\/?page_id=3187","url_meta":{"origin":13,"position":4},"title":"VP6-7.2.1-7.4.1.1-16","author":"Webmester","date":"2020.08.27.","format":false,"excerpt":"Biharugra egyh\u00e1zi telep\u00fcl\u00e9sk\u00e9pet meghat\u00e1roz\u00f3 \u00e9p\u00fcleteinek fejleszt\u00e9se Kedvezm\u00e9nyezett neve: Biharugrai Reform\u00e1tus Egyh\u00e1zk\u00f6zs\u00e9g P\u00e1ly\u00e1zati felh\u00edv\u00e1s neve, k\u00f3dsz\u00e1ma: A vid\u00e9ki t\u00e9rs\u00e9gek kism\u00e9ret\u0171 infrastrukt\u00far\u00e1j\u00e1nak \u00e9s alapvet\u0151 szolg\u00e1ltat\u00e1sainak fejleszt\u00e9s\u00e9re Telep\u00fcl\u00e9sk\u00e9pet meghat\u00e1roz\u00f3 \u00e9p\u00fcletek k\u00fcls\u0151 rekonstrukci\u00f3ja, t\u00f6bbfunkci\u00f3s k\u00f6z\u00f6ss\u00e9gi t\u00e9r l\u00e9trehoz\u00e1sa, fejleszt\u00e9se, energetikai korszer\u0171s\u00edt\u00e9s - VP6-7.2.1-7.4.1.1-16 Projekt c\u00edme: \u201eBiharugra egyh\u00e1zi telep\u00fcl\u00e9sk\u00e9pet meghat\u00e1roz\u00f3 \u00e9p\u00fcleteinek fejleszt\u00e9se\u201d Projekt azonos\u00edt\u00f3ja: 1775412993 A\u2026","rel":"","context":"Similar post","block_context":{"text":"Similar post","link":""},"img":{"alt_text":"","src":"https:\/\/i0.wp.com\/biharugra.reformatus.hu\/wp-content\/uploads\/2020\/11\/Sz%C3%A9cheny-log%C3%B3-1.png?resize=350%2C200&ssl=1","width":350,"height":200,"srcset":"https:\/\/i0.wp.com\/biharugra.reformatus.hu\/wp-content\/uploads\/2020\/11\/Sz%C3%A9cheny-log%C3%B3-1.png?resize=350%2C200&ssl=1 1x, https:\/\/i0.wp.com\/biharugra.reformatus.hu\/wp-content\/uploads\/2020\/11\/Sz%C3%A9cheny-log%C3%B3-1.png?resize=525%2C300&ssl=1 1.5x, https:\/\/i0.wp.com\/biharugra.reformatus.hu\/wp-content\/uploads\/2020\/11\/Sz%C3%A9cheny-log%C3%B3-1.png?resize=700%2C400&ssl=1 2x"},"classes":[]},{"id":521,"url":"https:\/\/biharugra.reformatus.hu\/?page_id=521","url_meta":{"origin":13,"position":5},"title":"Gy\u00fclekezeti csendes nap Biharugr\u00e1n","author":"Webmester","date":"2014.08.15.","format":false,"excerpt":"Biharugr\u00e1n 2006 \u00f3ta tartanak a reform\u00e1tusok gy\u00fclekezeti csendes napot, a testv\u00e9rgy\u00fclekezetekkel k\u00f6z\u00f6sen, amelyen kor\u00e1bban csak az egyh\u00e1z el\u00f6lj\u00e1r\u00f3k, a presbit\u00e9rium tagjai vettek r\u00e9szt. Ett\u0151l az \u00e9vt\u0151l kezd\u0151d\u0151en \u00fagy d\u00f6nt\u00f6ttek, hogy a gy\u00fclekezet is r\u00e9szt vehet a rendezv\u00e9nyen. Ebben az esztend\u0151ben \u00f6t\u00f6dik esztendeje, hogy a Trianoni szerz\u0151d\u00e9sek ut\u00e1n, 2009-ben \u00fajra megalakult\u2026","rel":"","context":"Similar post","block_context":{"text":"Similar post","link":""},"img":{"alt_text":"","src":"","width":0,"height":0},"classes":[]}],"jetpack_sharing_enabled":true,"_links":{"self":[{"href":"https:\/\/biharugra.reformatus.hu\/index.php?rest_route=\/wp\/v2\/pages\/13","targetHints":{"allow":["GET"]}}],"collection":[{"href":"https:\/\/biharugra.reformatus.hu\/index.php?rest_route=\/wp\/v2\/pages"}],"about":[{"href":"https:\/\/biharugra.reformatus.hu\/index.php?rest_route=\/wp\/v2\/types\/page"}],"author":[{"embeddable":true,"href":"https:\/\/biharugra.reformatus.hu\/index.php?rest_route=\/wp\/v2\/users\/1"}],"replies":[{"embeddable":true,"href":"https:\/\/biharugra.reformatus.hu\/index.php?rest_route=%2Fwp%2Fv2%2Fcomments&post=13"}],"version-history":[{"count":43,"href":"https:\/\/biharugra.reformatus.hu\/index.php?rest_route=\/wp\/v2\/pages\/13\/revisions"}],"predecessor-version":[{"id":3562,"href":"https:\/\/biharugra.reformatus.hu\/index.php?rest_route=\/wp\/v2\/pages\/13\/revisions\/3562"}],"wp:attachment":[{"href":"https:\/\/biharugra.reformatus.hu\/index.php?rest_route=%2Fwp%2Fv2%2Fmedia&parent=13"}],"curies":[{"name":"wp","href":"https:\/\/api.w.org\/{rel}","templated":true}]}}