{"id":137,"date":"2014-04-11T11:10:59","date_gmt":"2014-04-11T09:10:59","guid":{"rendered":"http:\/\/biharugra.reformatus.hu\/?page_id=137"},"modified":"2017-09-22T11:44:08","modified_gmt":"2017-09-22T10:44:08","slug":"a-templom-es-a-parokia-tortenete","status":"publish","type":"page","link":"https:\/\/biharugra.reformatus.hu\/?page_id=137","title":{"rendered":"A templom \u00e9s a par\u00f3kia t\u00f6rt\u00e9nete"},"content":{"rendered":"<div class=\"entry-content\" itemprop=\"text\">\n<p><b>A templom \u00e9p\u00fclet\u00e9nek t\u00f6rt\u00e9nete<\/b><\/p>\n<div><b><br \/>\n<\/b><\/p>\n<div align=\"justify\">\u00a0 \u00a0 \u00a0 Az \u00e9p\u00fclet t\u00f6rt\u00e9nete az \u00c1rp\u00e1d-korig ny\u00falik vissza. A mai templom &#8211; a torony \u00e9s a d\u00e9li oldal\u00e1n elhelyezett toldal\u00e9k\u00e9p\u00fclet (porticus) kiv\u00e9tel\u00e9vel &#8211; rom\u00e1n kori alapfalakra \u00e9p\u00fclt fel. A f\u00e9lk\u00f6r\u00edves szent\u00e9ly (apszis) k\u00fcls\u0151 oldal\u00e1n legal\u00e1bb 1 &#8211; 1,5 m\u00e9ter magass\u00e1gig \u00e1ll a k\u00f6z\u00e9pkori fal, m\u00e1shol csak az alapoz\u00e1sban figyelhet\u0151k meg a homokk\u0151b\u0151l k\u00e9sz\u00fclt kv\u00e1derek. A mai templomhaj\u00f3 m\u00e9rete 25,5 x 12,5 m\u00e9ter.<br \/>\nA r\u00e9g\u00e9szek az ugrai reform\u00e1tus templomot az ugrai monostorral, a k\u00f6r\u00fcl\u00f6tte lev\u0151 telep\u00fcl\u00e9snyomokat Monostorugr\u00e1val azonos\u00edtott\u00e1k. A Sz\u0171z M\u00e1ria tisztelet\u00e9re fel szentelt, s els\u0151 \u00edzben 1214-ben eml\u00edtett monostort val\u00f3sz\u00edn\u0171leg m\u00e9g a XII. sz\u00e1zad elej\u00e9n alap\u00edtott\u00e1k. Megsz\u0171n\u00e9s\u00e9nek pontos id\u0151pontja ismeretlen, utolj\u00e1ra 1329-ben eml\u00edtik,<br \/>\nA mostani, 1772-ben elk\u00e9sz\u00fclt templom hely\u00e9n el\u0151z\u0151leg s\u00f6v\u00e9nytemplom \u00e1llt, egy r\u00e9gi fundamentumra \u00e9p\u00edtve. Ugra reform\u00e1tus lakosai 1768. \u00e1prilis 30-ai keltez\u00e9s\u0171 \u00e1gensi beadv\u00e1nyukban k\u00e9rv\u00e9nyezt\u00e9k az uralkod\u00f3t\u00f3l, hogy elavult fatemplomuk hely\u00e9re \u00faj k\u0151templom \u00e9p\u00edt\u00e9s\u00e9t enged\u00e9lyezze. Az enged\u00e9lyt r\u00f6videsen meg is kapt\u00e1k. \u00c9p\u00edt\u00e9s\u00e9n\u00e9l az el\u0151-d\u00f6k h\u0171s\u00e9gesen k\u00f6vett\u00e9k az \u0151si alapokat. A templomhaj\u00f3 1772-ben k\u00e9-sz\u00fclt el ezen az alapon. A torony \u00e9s a d\u00e9li bej\u00e1rat el\u0151ter\u00e9nek alapja k\u00e9s\u0151bbi. A biharugrai a k\u00f6rny\u00e9k legr\u00e9gebbi reform\u00e1tus temploma. Ha az eredeti \u00c1rp\u00e1d-kori \u00e9p\u00edtm\u00e9nyt tekintj\u00fck, akkor B\u00e9k\u00e9s megy\u00e9ben ez az egyik legr\u00e9gebbi, a mai napig megmaradt k\u00f6z\u00e9pkori \u00e9p\u00edtm\u00e9ny, m\u00e9g ha k\u00e9s\u0151bb r\u00e1\u00e9p\u00edtettek is.<br \/>\n1796. \u00e1prilis 25-\u00e9n rakt\u00e1k le a torony fundamentum\u00e1nak alapk\u00f6v\u00e9t. A fundamentumhoz az ugraiak Peszere templom\u00e1nak romjaib\u00f3l hordt\u00e1k ide a k\u00f6veket. Ezen k\u00edv\u00fcl a hajdan Peterden \u00e1llt templom megmaradt k\u00f6veib\u0151l is hordtak be a torony \u00e9p\u00edt\u00e9s\u00e9hez. &#8222;1801. j\u00falius 28-\u00e1n &#8230; a Toronynak minden munk\u00e1ja t\u00f6k\u00e9letess\u00e9gre ment &#8230; \u00c9der Jakab k\u0151m\u0171ves mester \u00e1ltal.&#8221;<br \/>\nSolt\u00e9sz J\u00e1nos lelk\u00e9sz 1842-beli feljegyz\u00e9se szerint: 1831-ben egy viharban az er\u0151s sz\u00e9l megrong\u00e1lta a torony nagyon magas &#8222;czifra h\u00e1rmas structur\u00e1j\u00fa tetej\u00e9t&#8221;, olyannyira, hogy m\u00e9g a &#8222;f\u00e9szk\u00e9b\u0151l is kimozd\u00edtotta&#8221;.<br \/>\nA nagyobb k\u00e1rt, \u00e9s egy esetleges s\u00falyos trag\u00e9di\u00e1t megel\u0151zend\u0151 az egyh\u00e1zk\u00f6zs\u00e9g 1833-ban egy helyb\u00e9li \u00e1csmesterrel leszedette a torony tetej\u00e9t, s a leszedett anyagb\u00f3l kalapolt\u00e1k be a tornyot, addig is, m\u00edg az ekkl\u00e9zsia elegend\u0151 anyagot nem szerez be a kijav\u00edt\u00e1shoz. Az \u00e1cs a munk\u00e1t el is v\u00e9gezte, de az &#8222;elegend\u0151 anyag&#8221; soha nem gy\u0171lt \u00f6ssze, \u00e9s a torony mind a mai napig csonka maradt. Mai magass\u00e1ga: 26 m\u00e9ter. A torony eredeti form\u00e1j\u00e1t, alakj\u00e1t csak az ekkl\u00e9zsia 1806-ban metszett pecs\u00e9t-nyom\u00f3ja \u0151rizte meg sz\u00e1munkra. Ez a pecs\u00e9tnyom\u00f3 elt\u0171nt a II. vil\u00e1gh\u00e1bor\u00fa vihar\u00e1ban, de lenyomata megmaradt sz\u00e1munkra is n\u00e9h\u00e1ny okm\u00e1nyon.<br \/>\nEgy 1885-\u00f6s vagyonlelt\u00e1r szerint a templomhaj\u00f3 fedele ekkor m\u00e9g v\u00f6r\u00f6sre festett fazsindely volt, a sz\u00f3sz\u00e9k pedig k\u0151sz\u00f3sz\u00e9k. K\u00e9t, feny\u0151f\u00e1-b\u00f3l k\u00e9sz\u00edtett, festett karzat volt akkor is, mint ma, s rajtuk sz\u00e1mmutat\u00f3 t\u00e1bl\u00e1k. Az \u00farasztala f\u00e9nyezett f\u00e1b\u00f3l k\u00e9sz\u00fclt. A toronyba vezet\u0151 l\u00e9pcs\u0151 r\u00e9szben k\u0151b\u0151l, r\u00e9szben f\u00e1b\u00f3l k\u00e9sz\u00fclt.<br \/>\n1888 \u00e9s 1890 k\u00f6z\u00f6tt a helyb\u00e9li f\u00f6ldbirtokos B\u00f6l\u00f6ny csal\u00e1d j\u00f3volt\u00e1b\u00f3l kicser\u00e9l\u0151d\u00f6tt a templom teljes b\u00fatorzata \u00e9s \u00faj, fabor\u00edt\u00e1st kapott a karzat. A mai sz\u00f3sz\u00e9k 1890-ben k\u00e9sz\u00fclt el. T\u00f3th J\u00e1nos ugrai asztalosmester k\u00e9sz\u00edttette egy nagyv\u00e1radi m\u0171b\u00fatorasztalossal.<br \/>\n1907. j\u00fanius 28-\u00e1n, vas\u00e1rnap reggel a harangoz\u00e1s k\u00f6zben a nagyobbik harang megrepedt. R\u00f6videsen d\u00f6nt\u00e9s sz\u00fcletett arr\u00f3l, hogy a r\u00e9gi harangok helyett \u00fajakat \u00f6ntetnek. 1907. augusztus elej\u00e9n Th\u00fary Ferenc budapesti harang\u00f6nt\u0151 mester kapott megb\u00edz\u00e1st a harangok \u00f6nt\u00e9s\u00e9re.<br \/>\nAz \u00faj harangok \u00f6nt\u00e9s\u00e9re 1907. november 16-\u00e1n ker\u00fclt sor. A nagyobbik &#8222;\u00c9&#8221; hang\u00fa tiszta s\u00falya 849 kg a kisebbik harang &#8222;C&#8221; hang\u00fa, a tiszta s\u00falya 255 kg. lett. A harangok felszerel\u00e9s\u00e9t T\u00fary Ferenc megb\u00edz\u00e1-s\u00e1b\u00f3l Schlez\u00e1k (Szlez\u00e1k) L\u00e1szl\u00f3 v\u00e9gezte. A harangok \u00fcnnep\u00e9lyes \u00e1tad\u00e1s\u00e1ra 1907. december 14-\u00e9n ker\u00fclt sor.<br \/>\n1910-ben alap\u00edtv\u00e1nyt hoztak l\u00e9tre a harmadik harang \u00f6nt\u00e9s\u00e9nek k\u00f6lts\u00e9geire. Ez a harmadik harang az I. vil\u00e1gh\u00e1bor\u00fa miatt sohasem k\u00e9sz\u00fclt el. S\u0151t a presbiteri gy\u0171l\u00e9sek jegyz\u0151k\u00f6nyveinek tan\u00fas\u00e1ga szerint 1917-ben m\u00e9g az 1907-es harangok egyik\u00e9t &#8211; a 225 kg-os, &#8222;C&#8221; hang\u00fa kis harangot &#8211; is elrekvir\u00e1lt\u00e1k. Visszaeml\u00e9kez\u00e9sek szerint a rom\u00e1n megsz\u00e1ll\u00e1s idej\u00e9n szedt\u00e9k le, de a jegyz\u0151k\u00f6nyv m\u00e1sr\u00f3l tan\u00faskodik.<br \/>\n1912. m\u00e1jus 15-t\u0151l nagy fel\u00faj\u00edt\u00e1si munk\u00e1latok kezd\u0151dtek a templomon \u00e9s annak torny\u00e1n. E munk\u00e1latok sor\u00e1n cser\u00e9l\u0151d\u00f6tt le templomhaj\u00f3 zsindelyes tet\u0151je, s lett helyette lemeztet\u0151, amilyen napjainkban is.<br \/>\n1914. m\u00e1jus 10-\u00e9n a helyi fogyaszt\u00e1si sz\u00f6vetkezet a lelk\u00e9sz \u00fatj\u00e1n bejelentette a presbit\u00e9riumnak, hogy a toronyba saj\u00e1t k\u00f6lts\u00e9g\u00e9n \u00f3r\u00e1t akar k\u00e9sz\u00edttetni, amely torony\u00f3ra Sz\u00e1nt\u00f3 Gyula \u00f3ram\u0171ves kivitelez\u00e9s\u00e9ben m\u00e9g azon \u00e9v \u0151sz\u00e9re el is k\u00e9sz\u00fclt.<br \/>\nA h\u00e1bor\u00fa ut\u00e1n, 1925-ben siker\u00fclt k\u00f6zadakoz\u00e1sb\u00f3l a r\u00e9gi, 1907-beli nagyharang mell\u00e9 egy kisebbet is \u00f6ntetni F. W. Rincker \u00e1ltal Budapesten az ECCLESIA HARANGM\u0170VEK RT-n\u00e9l. Ez a k\u00e9t harang sz\u00f3l a mai napig is az ugrai templom torny\u00e1ban. A kisebbik, 476 kg-os, &#8222;Gisz&#8221; hang\u00fa harangot 1926. m\u00e1rcius 7-\u00e9n \u00fcnnep\u00e9lyes keretek k\u00f6z\u00f6tt avatt\u00e1k fel.<br \/>\n1939. \u00e1prilis 4-\u00e9n \u00fajabb fel\u00faj\u00edt\u00e1s kezd\u0151d\u00f6tt a templomon. A toronytet\u0151, a g\u00f6mb \u00e9s a tet\u0151 kijav\u00edt\u00e1sa, befest\u00e9se, a templom \u00e9s a torony fal\u00e1nak tataroz\u00e1s\u00e1t t\u00f6rt\u00e9nt. \u00c1prilis 23-a volt az \u00faj g\u00f6mb felh\u00faz\u00e1s\u00e1nak a napja.<br \/>\n1944-ben a front sajnos k\u00e9tszer is \u00e1tvonult a falun, s ez a templomon is s\u00falyos nyomokat hagyott. A visszavonul\u00f3 csapatok r\u00e9sz\u00e9r\u0151l a templomhaj\u00f3 \u00e9szak fel\u0151l tal\u00e1latot kapott. Ugyan\u00edgy bel\u00f6v\u00e9st kapott, de d\u00e9lr\u0151l, a toronys\u00fcveg is. A templom h\u00e1bor\u00fa ut\u00e1ni fel\u00faj\u00edt\u00e1s\u00e1ra 1946-ban \u00e9s 1947-ben ker\u00fclt sor.<br \/>\n1982-ben az egyh\u00e1zk\u00f6zs\u00e9g \u00fagy hat\u00e1rozott, hogy \u00fajb\u00f3l fel\u00faj\u00edtja a templomot. A gy\u0171jt\u00e9s a renov\u00e1l\u00e1s k\u00f6lts\u00e9geire m\u00e1r 1982-ben elkezd\u0151d\u00f6tt. A lelk\u00e9sz \u00fagy l\u00e1tta, nincs m\u00f3d a munk\u00e1k k\u00e9sleltet\u00e9s\u00e9re. M\u00e1r 1982-ben fel\u00faj\u00edtott\u00e1k a tet\u0151t. 1983-ban pedig a tornyot \u00faj\u00edtott\u00e1k fel, \u00e9s megvett\u00e9k a templomhaj\u00f3 bevakol\u00e1s\u00e1hoz sz\u00fcks\u00e9ges anyagokat. 1984. m\u00e1jus v\u00e9g\u00e9n a helyre\u00e1ll\u00edt\u00e1s utols\u00f3 szakasza, a fest\u00e9s is elkezd\u0151d\u00f6tt.<br \/>\nAnnakidej\u00e9n az Orsz\u00e1gos M\u0171eml\u00e9kv\u00e9delmi Fel\u00fcgyel\u0151s\u00e9g meg\u00edg\u00e9rte, hogy felt\u00e1rn\u00e1 a padozatot, a r\u00e9gi templom pill\u00e9reit, a monostor alapfa-l\u00e1t. De ezek csak \u00edg\u00e9retek maradtak, s az ugraiak, ha kev\u00e9s szak\u00e9rtelemmel is, de belev\u00e1gtak, ha m\u00e1r a p\u00e9nz nagyobb r\u00e9sze \u00f6sszegy\u0171lt.<br \/>\nBelev\u00e1gtak m\u00e1r csak az\u00e9rt is, mert itt egy m\u0171k\u00f6d\u0151 \u00e9p\u00fcletr\u0151l van, ill. volt sz\u00f3 \u00e9s a templom \u00e9s k\u00f6rnyezete nem lehetett \u00e9vekig \u00e9p\u00edt\u00e9si ter\u00fclet, mivel akkor m\u00e9g nem volt egy olyan sz\u00ednvonal\u00fa \u00e9s m\u00e9ret\u0171 gy\u00fclekezeti terme az egyh\u00e1zk\u00f6zs\u00e9gnek, amelyben ak\u00e1r egy-k\u00e9t \u00e9vig is zavartalanul folyhatnak az istentiszteletek \u00e9s egy\u00e9b gy\u00fclekezeti alkalmak. Az \u00faj gy\u00fclekezeti terem csak 2005-re k\u00e9sz\u00fclhetett el. V\u00e9szt\u0151-M\u00e1goron sem-milyen funkci\u00f3t nem zavart, hogy 10 \u00e9vig t\u00e1rt\u00e1k fel a Csolt-monostort. De itt, egy m\u0171k\u00f6d\u0151 templom eset\u00e9ben jogosan f\u00e9ltek a helyb\u00e9liek. Egyr\u00e9szt a bizonytalans\u00e1gt\u00f3l, m\u00e1sr\u00e9szt att\u00f3l, hogyha m\u00e9gis megval\u00f3sul, akkor az meddig tart \u00e9s mivel j\u00e1r.<br \/>\n2003. m\u00e1jus-j\u00faniusban val\u00f3sulhatott meg a toronys\u00fcveg teljes fel\u00faj\u00edt\u00e1sa.<\/div>\n<div><b><b>\u00a0<\/b><\/b><\/div>\n<p><b> A par\u00f3kia \u00e9p\u00fclet\u00e9nek t\u00f6rt\u00e9nete<\/b><\/p>\n<\/div>\n<div><b><br \/>\n<\/b><\/p>\n<div align=\"justify\">\u00a0 \u00a0 \u00a0 1816-ban B\u00edr\u00f3 Ferenc f\u0151b\u00edr\u00f3s\u00e1ga \u00e9s Bertalan Ferenc kur\u00e1tors\u00e1ga idej\u00e9n elkezdt\u00e9k \u00e9p\u00edteni az \u00faj pr\u00e9dik\u00e1tori h\u00e1zat, mely 1817 \u0151sz\u00e9re el is k\u00e9sz\u00fclt \u00e9s Nagy Sebest\u00e9ny pr\u00e9dik\u00e1tor be is k\u00f6lt\u00f6z\u00f6tt. A par\u00f3kia v\u00e1lyogb\u00f3l \u00e9p\u00fclt, n\u00e1ddal fedett \u00e9p\u00fclet volt. H\u00e1rom padozott \u00e9s egy f\u00f6ldes szob\u00e1val. Ezen k\u00edv\u00fcl volt m\u00e9g egy, konyha, egy kamara, egy pince, egy sz\u00e9les folyos\u00f3, egy padl\u00e1sfelj\u00e1r\u00f3 \u00e9s egy, az \u00e9p\u00fclet r\u00e9szek\u00e9nt szerepl\u0151 \u00e1rny\u00e9ksz\u00e9k is. Az \u00e9p\u00fcletnek k\u00e9t ajtaja \u00e9s nyolc ablaka volt. K\u00e9t k\u0151k\u00e9m\u00e9nnyel volt el-l\u00e1tva, amihez volt egy cser\u00e9p \u00e9s k\u00e9t vask\u00e1lyha, valamint volt egy boglya-kemence is.<br \/>\nA XIX. sz\u00e1zadi par\u00f3ki\u00e1t lebontott\u00e1k, s hely\u00e9re a sz\u00e1zadfordul\u00f3n (Nagy Imre lelkip\u00e1sztorkod\u00e1sa idej\u00e9n) \u00fajat \u00e9p\u00edtettek. Az 1900. szeptember 16-i presbiteri gy\u0171l\u00e9st m\u00e1r az \u00faj lelk\u00e9szlakban tartott\u00e1k meg.<br \/>\nA par\u00f3kia XIX. sz\u00e1zadi t\u00f6rt\u00e9net\u00e9nek egyik legjelent\u0151sebb esem\u00e9nye, hogy az Erd\u00e9lybe, Bemhez tart\u00f3 Pet\u0151fi &#8211; aki csal\u00e1dj\u00e1val: J\u00fali\u00e1val \u00e9s Zolt\u00e1n fi\u00e1val, valamint a Mez\u0151ber\u00e9nybe \u00e9rte j\u00f6v\u0151 \u00e9s \u0151t k\u00eds\u00e9r\u0151 Egressy G\u00e1borral \u00e9s Kiss S\u00e1ndor ezredessel utazott &#8211; 1849. j\u00falius 18-\u00e1n Solt\u00e9sz J\u00e1nos lelkip\u00e1sztor vend\u00e9gek\u00e9nt a par\u00f3ki\u00e1n pihent meg \u00e9s innen indult tov\u00e1bb. Alig k\u00e9t h\u00e9t m\u00falva, 1849. j\u00falius 31-\u00e9n a Segesv\u00e1r melletti Feh\u00e9regyh\u00e1za hat\u00e1r\u00e1ban \u00f6r\u00f6kre elt\u0171nt k\u00f6z\u00fcl\u00fcnk.<br \/>\nUgrai tart\u00f3zkod\u00e1s\u00e1nak eml\u00e9k\u00e9t hal\u00e1l\u00e1nak 50. \u00e9vfordul\u00f3j\u00e1n eml\u00e9k-t\u00e1bl\u00e1val \u00f6r\u00f6k\u00edtett\u00e9k meg. A VAS\u00c1RNAPI UJS\u00c1G. 1899. j\u00falius 30-\u00e1n megjelent sz\u00e1m\u00e1ban, az 525. oldalon \u00edgy sz\u00e1mol be az esem\u00e9nyr\u0151l:<br \/>\n<i>\u00a0 \u00a0 \u00a0 &#8222;A biharmegyei Ugr\u00e1n B\u00f6l\u00f6ny J\u00f3zsef, a kolozsv\u00e1ri orsz. nemzeti szinh\u00e1z intend\u00e1nsa \u00e9s ugrai nagybirtokos, eml\u00e9kt\u00e1bl\u00e1val jel\u00f6li meg Ugra k\u00f6zs\u00e9gnek reform\u00e1tus paplak\u00e1t, a hol Pet\u0151fi S\u00e1ndor, Erd\u00e9lybe vezet\u0151 \u00fatj\u00e1n 1849. j\u00falius 19-\u00e9re virrad\u00f3lag megh\u00e1lt. Az eml\u00e9kt\u00e1bl\u00e1t j\u00falius 30-\u00e1n \u00fcnnep\u00e9lyesen leplezik le a kolozsv\u00e1ri nemzeti szinh\u00e1z tagjainak r\u00e9szv\u00e9tele mellett.&#8221;<\/i><br \/>\nA par\u00f3kia XIX. sz\u00e1zadi t\u00f6rt\u00e9net\u00e9hez m\u00e9g egy valamikor orsz\u00e1go-san is ismert n\u00e9v k\u00f6t\u0151dik, ami sajnos m\u00e1ra m\u00e1r feled\u00e9sbe mer\u00fclt. 1866. m\u00e1rcius 1-\u00e9n itt sz\u00fcletett, \u00e9s itt nevelkedett Kiss K\u00e1roly lelkip\u00e1sztor \u00e9s Cs\u00e9csi Nagy M\u00e1ria id\u0151sebb le\u00e1nya: Kiss Ir\u00e9n Margit, aki Kiss Ir\u00e9n n\u00e9ven a Nemzeti Sz\u00ednh\u00e1z elismert sz\u00edn\u00e9szn\u0151je volt hossz\u00fa \u00e9vtizedeken \u00e1t, s a Nemzeti Sz\u00ednh\u00e1z \u00f6r\u00f6k\u00f6s tagj\u00e1v\u00e1 is megv\u00e1lasztott\u00e1k. Hal\u00e1la ut\u00e1n a par\u00f3kia utcai homlokzat\u00e1ra (Pet\u0151fi S\u00e1ndor eml\u00e9kt\u00e1bl\u00e1ja al\u00e1) neki is eml\u00e9kt\u00e1bl\u00e1t \u00e1ll\u00edtott az ut\u00f3kor.<br \/>\n2007. augusztus 19-\u00e9n egy harmadik eml\u00e9kt\u00e1bla is elhelyez\u00e9sre ker\u00fclt a par\u00f3kia fal\u00e1n, amely Nagy Imre tiszteletesre, arra a nagyszer\u0171 emberre eml\u00e9kezik, aki 51 \u00e9vig volt biharugrai h\u00edveinek h\u0171s\u00e9ges lelkip\u00e1sztora. A Jelen\u00e9sek k\u00f6nyv\u00e9b\u0151l val\u00f3 az id\u00e9zet, mely felker\u00fclt az eml\u00e9kt\u00e1bl\u00e1ra:<br \/>\n<i>\u00a0 \u00a0 \u00a0 &#8222;L\u00e9gy h\u0171 mindhal\u00e1lig, \u00e9s neked adom az \u00e9let koron\u00e1j\u00e1t.&#8221;<\/i><br \/>\nA h\u0171s\u00e9g volt tal\u00e1n a tiszteletes \u00far legjellemz\u0151bb tulajdons\u00e1ga. H\u0171s\u00e9g Isten ir\u00e1nt, h\u0171s\u00e9g a h\u00edvekhez, az egyh\u00e1zk\u00f6zs\u00e9ghez \u00e9s Biharugr\u00e1hoz. Nagy Imr\u00e9t is sokszor pr\u00f3b\u00e1ra tette az \u00e9let, de \u0151 mindv\u00e9gig h\u0171s\u00e9ges maradt.<br \/>\n1852-ben sz\u00fcletett Hajd\u00fahadh\u00e1z\u00e1n. A teol\u00f3gi\u00e1t Debrecenben v\u00e9-gezte, azut\u00e1n k\u00fclf\u00f6ldi tanulm\u00e1nyutat tett \u00e9s a G\u00f6ttingai Egyetemen fejezte be tanulm\u00e1nyait 1876-ban. M\u00e9g az \u00e9v m\u00e1jus 1-j\u00e9n megh\u00edvt\u00e1k Sarkadra esperesi k\u00e1pl\u00e1nnak, s mint ilyen, tagja lett a nagyszalontai reform\u00e1tus egyh\u00e1zmegyei lelk\u00e9szi karnak. 1878-ban el\u0151sz\u00f6r &#8222;id\u0151k\u00f6zi lelk\u00e9sz&#8221; volt, majd egyhang\u00falag \u00f6n\u00e1ll\u00f3 lelkip\u00e1sztorr\u00e1 v\u00e1lasztott\u00e1k itt n\u00e1lunk, Ugr\u00e1n. T\u00f6bb mint \u00f6tven \u00e9vig volt itt Istennek szolg\u00e1ja \u00e9s az ugrai h\u00edvek p\u00e1sztora. Volt egyh\u00e1zmegyei jegyz\u0151, f\u0151jegyz\u0151, \u00f6r\u00f6k\u00f6s egyh\u00e1zmegyei tan\u00e1csos, az egyh\u00e1zak \u00e9s az iskol\u00e1k k\u00f6rl\u00e1togat\u00f3ja, zsinati k\u00e9pvisel\u0151, t\u00f6bb \u00e9ven kereszt\u00fcl egyh\u00e1zker\u00fcleti k\u00e9pvisel\u0151, \u00e9s m\u00e9g hosszasan sorolhatn\u00e1m.<br \/>\nA b\u00facs\u00fabesz\u00e9d\u00e9ben b\u00fcszk\u00e9n k\u00f6z\u00f6lte, hogy az \u0151 lelk\u00e9szs\u00e9ge idej\u00e9n 3.653 f\u0151 sz\u00fcletett \u00e9s 2.592 f\u0151 halt meg Biharugr\u00e1n, vagyis az alatt az 51 \u00e9v alatt 1.061 f\u0151vel gyarapodott a falu lakoss\u00e1ga. \u00c9rdemei\u00e9rt a k\u00f6zs\u00e9g d\u00edszpolg\u00e1r\u00e1v\u00e1 v\u00e1lasztott\u00e1k.<br \/>\n1929-ben vonult nyug\u00e1llom\u00e1nyba. 1935. j\u00falius 14-\u00e9n halt meg, 83 \u00e9ves kor\u00e1ban. H\u00e9t gyermeke k\u00f6z\u00fcl csak Ern\u0151 nev\u0171 fia \u00e9lte t\u00fal \u0151t. A k\u00f6zs\u00e9g lak\u00f3i olyan nagyra becs\u00fclt\u00e9k, hogy (p\u00e9ldan\u00e9lk\u00fcli m\u00f3don) a k\u00f6zs\u00e9gh\u00e1z\u00e1n lett felravatalozva. Itt Biharugr\u00e1n nyugszik a r\u00e9gi reform\u00e1tus temet\u0151ben.<br \/>\n2005 tavasz\u00e1ra megval\u00f3sult a 105 \u00e9vvel ezel\u0151tt haszn\u00e1latba vett par\u00f3kia \u00e9p\u00fclet\u00e9nek teljes fel\u00faj\u00edt\u00e1sa. Ez\u00e1ltal bel\u00fcl is a mai kor ig\u00e9nyeinek is t\u00f6k\u00e9letesen megfelel\u0151v\u00e9 v\u00e1lt az \u00e9p\u00fclet. M\u00e9g ugyanezen \u00e9v november\u00e9re elk\u00e9sz\u00fclt a par\u00f3ki\u00e1hoz hozz\u00e1\u00e9p\u00edtett \u00faj gy\u00fclekezeti terem is.<\/div>\n<\/div>\n\n\n<\/div>\n","protected":false},"excerpt":{"rendered":"<div class=\"entry-summary\" itemprop=\"text\">\n<p>A templom \u00e9p\u00fclet\u00e9nek t\u00f6rt\u00e9nete \u00a0 \u00a0 \u00a0 Az \u00e9p\u00fclet t\u00f6rt\u00e9nete az \u00c1rp\u00e1d-korig ny\u00falik vissza. A mai templom &#8211; a torony \u00e9s a d\u00e9li oldal\u00e1n elhelyezett toldal\u00e9k\u00e9p\u00fclet (porticus) kiv\u00e9tel\u00e9vel &#8211; rom\u00e1n kori alapfalakra \u00e9p\u00fclt fel. A f\u00e9lk\u00f6r\u00edves szent\u00e9ly (apszis) k\u00fcls\u0151 oldal\u00e1n legal\u00e1bb 1 &#8211; 1,5 m\u00e9ter magass\u00e1gig \u00e1ll a k\u00f6z\u00e9pkori fal, m\u00e1shol csak az alapoz\u00e1sban figyelhet\u0151k &#8230;<\/p>\n\n<\/div>\n","protected":false},"author":1,"featured_media":0,"parent":0,"menu_order":0,"comment_status":"closed","ping_status":"closed","template":"","meta":{"footnotes":""},"class_list":["post-137","page","type-page","status-publish","hentry","entry-lead"],"jetpack_shortlink":"https:\/\/wp.me\/P9cS46-2d","jetpack-related-posts":[{"id":3187,"url":"https:\/\/biharugra.reformatus.hu\/?page_id=3187","url_meta":{"origin":137,"position":0},"title":"VP6-7.2.1-7.4.1.1-16","author":"Webmester","date":"2020.08.27.","format":false,"excerpt":"Biharugra egyh\u00e1zi telep\u00fcl\u00e9sk\u00e9pet meghat\u00e1roz\u00f3 \u00e9p\u00fcleteinek fejleszt\u00e9se Kedvezm\u00e9nyezett neve: Biharugrai Reform\u00e1tus Egyh\u00e1zk\u00f6zs\u00e9g P\u00e1ly\u00e1zati felh\u00edv\u00e1s neve, k\u00f3dsz\u00e1ma: A vid\u00e9ki t\u00e9rs\u00e9gek kism\u00e9ret\u0171 infrastrukt\u00far\u00e1j\u00e1nak \u00e9s alapvet\u0151 szolg\u00e1ltat\u00e1sainak fejleszt\u00e9s\u00e9re Telep\u00fcl\u00e9sk\u00e9pet meghat\u00e1roz\u00f3 \u00e9p\u00fcletek k\u00fcls\u0151 rekonstrukci\u00f3ja, t\u00f6bbfunkci\u00f3s k\u00f6z\u00f6ss\u00e9gi t\u00e9r l\u00e9trehoz\u00e1sa, fejleszt\u00e9se, energetikai korszer\u0171s\u00edt\u00e9s - VP6-7.2.1-7.4.1.1-16 Projekt c\u00edme: \u201eBiharugra egyh\u00e1zi telep\u00fcl\u00e9sk\u00e9pet meghat\u00e1roz\u00f3 \u00e9p\u00fcleteinek fejleszt\u00e9se\u201d Projekt azonos\u00edt\u00f3ja: 1775412993 A\u2026","rel":"","context":"Similar post","block_context":{"text":"Similar post","link":""},"img":{"alt_text":"","src":"https:\/\/i0.wp.com\/biharugra.reformatus.hu\/wp-content\/uploads\/2020\/11\/Sz%C3%A9cheny-log%C3%B3-1.png?resize=350%2C200&ssl=1","width":350,"height":200,"srcset":"https:\/\/i0.wp.com\/biharugra.reformatus.hu\/wp-content\/uploads\/2020\/11\/Sz%C3%A9cheny-log%C3%B3-1.png?resize=350%2C200&ssl=1 1x, https:\/\/i0.wp.com\/biharugra.reformatus.hu\/wp-content\/uploads\/2020\/11\/Sz%C3%A9cheny-log%C3%B3-1.png?resize=525%2C300&ssl=1 1.5x, https:\/\/i0.wp.com\/biharugra.reformatus.hu\/wp-content\/uploads\/2020\/11\/Sz%C3%A9cheny-log%C3%B3-1.png?resize=700%2C400&ssl=1 2x"},"classes":[]},{"id":587,"url":"https:\/\/biharugra.reformatus.hu\/?page_id=587","url_meta":{"origin":137,"position":1},"title":"Tataroz\u00e1s \u00e9s fel\u00faj\u00edt\u00e1si tervek Biharugr\u00e1n","author":"Webmester","date":"2014.08.17.","format":false,"excerpt":"A Tisz\u00e1nt\u00fali Reform\u00e1tus Egyh\u00e1zker\u00fclet egyik legr\u00e9gebbi, a Biharugrai Reform\u00e1tus Egyh\u00e1zk\u00f6zs\u00e9g templom\u00e1nak alapjai az \u00c1rp\u00e1d korra ny\u00falnak vissza. Ma jelent\u0151s fel\u00faj\u00edt\u00e1st terveznek. Az elk\u00e9pz\u00e9sek szerint, a k\u00fcls\u0151 fel\u00faj\u00edt\u00e1si munk\u00e1k mellett, l\u00e1togathat\u00f3v\u00e1 tenn\u00e9k a harangtornyot is, ahonnan p\u00e1ratlan kil\u00e1t\u00e1s ny\u00edlik a k\u00f6zs\u00e9gre \u00e9s a R\u00e9tk\u00f6zre. Keleten pedig, tiszta id\u0151ben, j\u00f3l l\u00e1tsz\u00f3dnak a\u2026","rel":"","context":"Similar post","block_context":{"text":"Similar post","link":""},"img":{"alt_text":"","src":"","width":0,"height":0},"classes":[]},{"id":1704,"url":"https:\/\/biharugra.reformatus.hu\/?page_id=1704","url_meta":{"origin":137,"position":2},"title":"Keny\u00e9rmorzsa sz\u00edn\u0171 Isten h\u00e1za Biharugr\u00e1n","author":"Webmester","date":"2017.09.27.","format":false,"excerpt":"K\u00f6zel 50 milli\u00f3 forintb\u00f3l \u00fajul meg Biharugra reform\u00e1tus temploma \u2013 sz\u00e1molt be Szab\u00f3 \u00c1rp\u00e1d Csaba, a reform\u00e1tus egyh\u00e1zk\u00f6zs\u00e9g lelk\u00e9sze \u00e9s Makra Tibor, a telep\u00fcl\u00e9s polg\u00e1rmestere. Elk\u00e9pzelhet\u0151, hogy a korszer\u0171s\u00edt\u00e9s m\u00e9g az id\u00e9n elkezd\u0151dik \u00e9s j\u00f6v\u0151 \u00e9v v\u00e9g\u00e9re befejez\u0151dik. A torony \u00e9s a haj\u00f3 ugyanolyan sz\u00edn\u0171 lesz: keny\u00e9rmorzsa. Teljes k\u00fcls\u0151 fel\u00faj\u00edt\u00e1s\u2026","rel":"","context":"Similar post","block_context":{"text":"Similar post","link":""},"img":{"alt_text":"","src":"https:\/\/i0.wp.com\/biharugra.reformatus.hu\/wp-content\/uploads\/2017\/09\/templomfelujit-1024x968.jpg?resize=350%2C200","width":350,"height":200,"srcset":"https:\/\/i0.wp.com\/biharugra.reformatus.hu\/wp-content\/uploads\/2017\/09\/templomfelujit-1024x968.jpg?resize=350%2C200 1x, https:\/\/i0.wp.com\/biharugra.reformatus.hu\/wp-content\/uploads\/2017\/09\/templomfelujit-1024x968.jpg?resize=525%2C300 1.5x"},"classes":[]},{"id":977,"url":"https:\/\/biharugra.reformatus.hu\/?page_id=977","url_meta":{"origin":137,"position":3},"title":"P\u00e9ld\u00e1tlan \u00f6sszefog\u00e1s \u00e9s \u00f6r\u00f6m Biharugr\u00e1n","author":"Webmester","date":"2015.06.23.","format":false,"excerpt":"A biharugrai reform\u00e1tus egyh\u00e1zk\u00f6zs\u00e9g \u00e9let\u00e9ben az elm\u00falt id\u0151ben sz\u00e1mos olyan nagyform\u00e1tum\u00fa esem\u00e9ny t\u00f6rt\u00e9nt, amely a kis k\u00f6z\u00f6ss\u00e9g \u00f6sszetartoz\u00e1s\u00e1t, \u00f6sszefog\u00e1s\u00e1nak erej\u00e9t bizony\u00edtotta. Az itt \u00e9l\u0151 emberek szem\u00e9lyes lehet\u0151s\u00e9g\u00fck f\u00fcggv\u00e9ny\u00e9ben felekezeti hovatartoz\u00e1sukt\u00f3l f\u00fcggetlen\u00fcl adakoz\u00e1ssal, munk\u00e1jukkal, sz\u00edves vend\u00e9gl\u00e1t\u00e1sukkal j\u00e1rultak hozz\u00e1 a telep\u00fcl\u00e9s fejl\u0151d\u00e9s\u00e9hez. \u00daj gy\u00fclekezeti terem \u00e9p\u00fclt \u00e9s k\u00f6zadakoz\u00e1sb\u00f3l meg\u00fajult a harangoz\u00f3szerkezet \u00e9s\u2026","rel":"","context":"Similar post","block_context":{"text":"Similar post","link":""},"img":{"alt_text":"","src":"","width":0,"height":0},"classes":[]},{"id":516,"url":"https:\/\/biharugra.reformatus.hu\/?page_id=516","url_meta":{"origin":137,"position":4},"title":"Gyerekt\u00e1bor &#8211; 2014","author":"Webmester","date":"2014.08.15.","format":false,"excerpt":"\u0150szt\u0151l k\u00e9t tan\u00edt\u00f3val tov\u00e1bb folytatj\u00e1k az als\u00f3 tagozatos oktat\u00e1st Biharugr\u00e1n. V\u00edgh Ilona, Biharugra polg\u00e1rmestere (FIDSZ-KDNP) bejelentette hogy \u0151szt\u0151l k\u00e9t tan\u00edt\u00f3val tov\u00e1bb folytatj\u00e1k az als\u00f3 tagozatos oktat\u00e1st Biharugr\u00e1n \u2013 tudta meg a R\u00e1di\u00f37. A faluban \u00f3ri\u00e1si hagyom\u00e1nyai vannak az oktat\u00e1snak, hiszen \u00fagy tartj\u00e1k, hogy a m\u00falt sz\u00e1zad elej\u00e9n 50 \u00e9ven \u00e1t\u2026","rel":"","context":"Similar post","block_context":{"text":"Similar post","link":""},"img":{"alt_text":"","src":"","width":0,"height":0},"classes":[]},{"id":1696,"url":"https:\/\/biharugra.reformatus.hu\/?page_id=1696","url_meta":{"origin":137,"position":5},"title":"\u00d6kumenikus \u00e9nekcsoport","author":"Webmester","date":"2017.09.22.","format":false,"excerpt":"Szeretn\u00e9k \u00e9nekelni N\u00e9ked \u00a0 Szeretn\u00e9k \u00e9nekelni N\u00e9ked, Uram, nyisd meg az ajkamat, hogy szent legyen mindig az \u00e9nek, amely sz\u00edvemb\u0151l felfakad. \u00a0 Hadd zengjem el, hogy sz\u00e1zszor \u00e1ldott keresztedn\u00e9l ki megpihen, hadd zengjem el, hogy megtal\u00e1lt ott s b\u00e9k\u00e9re lelt az \u00e9n sz\u00edvem. \u00a0 Szeretn\u00e9k \u00e9nekelni m\u00e1snak hogy N\u00e9ked \u00e9nekelni\u2026","rel":"","context":"Similar post","block_context":{"text":"Similar post","link":""},"img":{"alt_text":"","src":"https:\/\/i0.wp.com\/biharugra.reformatus.hu\/wp-content\/uploads\/2017\/09\/22015628_124895474837275_1490268778_o-1024x683.jpg?resize=350%2C200","width":350,"height":200,"srcset":"https:\/\/i0.wp.com\/biharugra.reformatus.hu\/wp-content\/uploads\/2017\/09\/22015628_124895474837275_1490268778_o-1024x683.jpg?resize=350%2C200 1x, https:\/\/i0.wp.com\/biharugra.reformatus.hu\/wp-content\/uploads\/2017\/09\/22015628_124895474837275_1490268778_o-1024x683.jpg?resize=525%2C300 1.5x"},"classes":[]}],"jetpack_sharing_enabled":true,"_links":{"self":[{"href":"https:\/\/biharugra.reformatus.hu\/index.php?rest_route=\/wp\/v2\/pages\/137","targetHints":{"allow":["GET"]}}],"collection":[{"href":"https:\/\/biharugra.reformatus.hu\/index.php?rest_route=\/wp\/v2\/pages"}],"about":[{"href":"https:\/\/biharugra.reformatus.hu\/index.php?rest_route=\/wp\/v2\/types\/page"}],"author":[{"embeddable":true,"href":"https:\/\/biharugra.reformatus.hu\/index.php?rest_route=\/wp\/v2\/users\/1"}],"replies":[{"embeddable":true,"href":"https:\/\/biharugra.reformatus.hu\/index.php?rest_route=%2Fwp%2Fv2%2Fcomments&post=137"}],"version-history":[{"count":2,"href":"https:\/\/biharugra.reformatus.hu\/index.php?rest_route=\/wp\/v2\/pages\/137\/revisions"}],"predecessor-version":[{"id":1683,"href":"https:\/\/biharugra.reformatus.hu\/index.php?rest_route=\/wp\/v2\/pages\/137\/revisions\/1683"}],"wp:attachment":[{"href":"https:\/\/biharugra.reformatus.hu\/index.php?rest_route=%2Fwp%2Fv2%2Fmedia&parent=137"}],"curies":[{"name":"wp","href":"https:\/\/api.w.org\/{rel}","templated":true}]}}