{"id":1696,"date":"2017-09-22T12:18:13","date_gmt":"2017-09-22T11:18:13","guid":{"rendered":"http:\/\/biharugra.reformatus.hu\/?page_id=1696"},"modified":"2017-09-27T10:43:33","modified_gmt":"2017-09-27T09:43:33","slug":"okumneikus-enekcsoport","status":"publish","type":"page","link":"https:\/\/biharugra.reformatus.hu\/?page_id=1696","title":{"rendered":"\u00d6kumenikus \u00e9nekcsoport"},"content":{"rendered":"<div class=\"entry-content\" itemprop=\"text\">\n<h3 style=\"text-align: center;\"><em>Szeretn\u00e9k \u00e9nekelni N\u00e9ked<\/em><\/h3>\n<p style=\"text-align: center;\"><em>\u00a0<\/em><\/p>\n<p style=\"text-align: center;\"><em>Szeretn\u00e9k \u00e9nekelni N\u00e9ked,<\/em><\/p>\n<p style=\"text-align: center;\"><em>Uram, nyisd meg az ajkamat,<\/em><\/p>\n<p style=\"text-align: center;\"><em>hogy szent legyen mindig az \u00e9nek,<\/em><\/p>\n<p style=\"text-align: center;\"><em>amely sz\u00edvemb\u0151l felfakad.<\/em><\/p>\n<p style=\"text-align: center;\"><em>\u00a0<\/em><\/p>\n<p style=\"text-align: center;\"><em>Hadd zengjem el, hogy sz\u00e1zszor \u00e1ldott<\/em><\/p>\n<p style=\"text-align: center;\"><em>keresztedn\u00e9l ki megpihen,<\/em><\/p>\n<p style=\"text-align: center;\"><em>hadd zengjem el, hogy megtal\u00e1lt ott<\/em><\/p>\n<p style=\"text-align: center;\"><em>s b\u00e9k\u00e9re lelt az \u00e9n sz\u00edvem.<\/em><\/p>\n<p style=\"text-align: center;\"><em>\u00a0<\/em><\/p>\n<p style=\"text-align: center;\"><em>Szeretn\u00e9k \u00e9nekelni m\u00e1snak<\/em><\/p>\n<p style=\"text-align: center;\"><em>hogy N\u00e9ked \u00e9nekelni j\u00f3,<\/em><\/p>\n<p style=\"text-align: center;\"><em>hogy \u00e9let\u00fcnk b\u00fas l\u00e1zad\u00e1s csak,<\/em><\/p>\n<p style=\"text-align: center;\"><em>m\u00edg el nem \u00e9r az \u00e9gi sz\u00f3.<\/em><\/p>\n<p style=\"text-align: center;\"><em>\u00a0<\/em><\/p>\n<p style=\"text-align: center;\"><em>Azt zengeni, a sz\u00f3t a sz\u00f3dat,<\/em><\/p>\n<p style=\"text-align: center;\"><em>mely \u00e9letet adott nekem!<\/em><\/p>\n<p style=\"text-align: center;\"><em>Szeretn\u00e9k \u00e9nekelni R\u00f3lad<\/em><\/p>\n<p style=\"text-align: center;\"><em>hal\u00e1lig engedelmesen.<\/em><\/p>\n<p style=\"text-align: center;\"><em>\u00a0<\/em><\/p>\n<p style=\"text-align: center;\"><em>Szeretn\u00e9k \u00e9nekelni N\u00e9ked<\/em><\/p>\n<p style=\"text-align: center;\"><em>folyton, ameddig itt leszek,<\/em><\/p>\n<p style=\"text-align: center;\"><em>szeretn\u00e9k hangot adni, sz\u00e9pet,<\/em><\/p>\n<p style=\"text-align: center;\"><em>mikor lelkemhez \u00e9r kezed.<\/em><\/p>\n<p style=\"text-align: center;\"><em>\u00a0<\/em><\/p>\n<p style=\"text-align: center;\"><em>F\u00fcle Lajos<\/em><\/p>\n<p>&nbsp;<\/p>\n<p><img data-recalc-dims=\"1\" loading=\"lazy\" decoding=\"async\" data-attachment-id=\"1710\" data-permalink=\"https:\/\/biharugra.reformatus.hu\/?attachment_id=1710\" data-orig-file=\"https:\/\/i0.wp.com\/biharugra.reformatus.hu\/wp-content\/uploads\/2017\/09\/22015628_124895474837275_1490268778_o.jpg?fit=2048%2C1365&amp;ssl=1\" data-orig-size=\"2048,1365\" data-comments-opened=\"0\" data-image-meta=\"{&quot;aperture&quot;:&quot;0&quot;,&quot;credit&quot;:&quot;&quot;,&quot;camera&quot;:&quot;&quot;,&quot;caption&quot;:&quot;&quot;,&quot;created_timestamp&quot;:&quot;0&quot;,&quot;copyright&quot;:&quot;&quot;,&quot;focal_length&quot;:&quot;0&quot;,&quot;iso&quot;:&quot;0&quot;,&quot;shutter_speed&quot;:&quot;0&quot;,&quot;title&quot;:&quot;&quot;,&quot;orientation&quot;:&quot;0&quot;}\" data-image-title=\"22015628_124895474837275_1490268778_o\" data-image-description=\"\" data-image-caption=\"\" data-large-file=\"https:\/\/i0.wp.com\/biharugra.reformatus.hu\/wp-content\/uploads\/2017\/09\/22015628_124895474837275_1490268778_o.jpg?fit=640%2C427&amp;ssl=1\" class=\"aligncenter size-large wp-image-1710\" src=\"https:\/\/i0.wp.com\/biharugra.reformatus.hu\/wp-content\/uploads\/2017\/09\/22015628_124895474837275_1490268778_o-1024x683.jpg?resize=640%2C427\" alt=\"\" width=\"640\" height=\"427\" srcset=\"https:\/\/i0.wp.com\/biharugra.reformatus.hu\/wp-content\/uploads\/2017\/09\/22015628_124895474837275_1490268778_o.jpg?resize=1024%2C683&amp;ssl=1 1024w, https:\/\/i0.wp.com\/biharugra.reformatus.hu\/wp-content\/uploads\/2017\/09\/22015628_124895474837275_1490268778_o.jpg?resize=300%2C200&amp;ssl=1 300w, https:\/\/i0.wp.com\/biharugra.reformatus.hu\/wp-content\/uploads\/2017\/09\/22015628_124895474837275_1490268778_o.jpg?resize=768%2C512&amp;ssl=1 768w, https:\/\/i0.wp.com\/biharugra.reformatus.hu\/wp-content\/uploads\/2017\/09\/22015628_124895474837275_1490268778_o.jpg?resize=640%2C427&amp;ssl=1 640w, https:\/\/i0.wp.com\/biharugra.reformatus.hu\/wp-content\/uploads\/2017\/09\/22015628_124895474837275_1490268778_o.jpg?w=2048&amp;ssl=1 2048w, https:\/\/i0.wp.com\/biharugra.reformatus.hu\/wp-content\/uploads\/2017\/09\/22015628_124895474837275_1490268778_o.jpg?w=1280&amp;ssl=1 1280w, https:\/\/i0.wp.com\/biharugra.reformatus.hu\/wp-content\/uploads\/2017\/09\/22015628_124895474837275_1490268778_o.jpg?w=1920&amp;ssl=1 1920w\" sizes=\"auto, (max-width: 640px) 100vw, 640px\" \/><\/p>\n<p>Az els\u0151 alkalmak 2006 \u0151sz\u00e9re ny\u00falnak vissza, amikor p\u00e1r f\u0151vel &#8211; \u00e9nektanul\u00e1s c\u00e9lj\u00e1b\u00f3l a reform\u00e1tus gy\u00fclekezeti teremben j\u00f6tt\u00fcnk \u00f6ssze. Kisebb-nagyobb megszak\u00edt\u00e1sok ut\u00e1n 2009 november\u00e9t\u0151l \u2013 r\u00e9gi-\u00faj tagokkal \u2013 T\u00f3thn\u00e9 Bereczki \u00c9va vezet\u00e9s\u00e9vel \u00e9nekcsoportt\u00e1 alakult kis csapatunk. Az\u00f3ta hetente 1 alkalommal a baptista gy\u00fclekezet kisterm\u00e9ben tartjuk \u00e9nekpr\u00f3b\u00e1inkat.<\/p>\n<p>A l\u00e9tsz\u00e1m v\u00e1ltoz\u00f3: jelenleg 10 f\u0151 alkotja e k\u00f6z\u00f6ss\u00e9get. Az alkalmak k\u00f6z\u00e9ppontj\u00e1ban, az \u00faj \u00e9nekek tanul\u00e1sa mellett, az igei buzd\u00edt\u00e1sok is hangs\u00falyosak. A vid\u00e1m hangulat \u00e9s a besz\u00e9lget\u00e9sek mind seg\u00edtik, hogy val\u00f3ban \u00e9l\u0151 k\u00f6z\u00f6ss\u00e9gg\u00e9 kov\u00e1csol\u00f3djunk.<\/p>\n<p>V\u00e1gyunk Isten dics\u0151\u00edt\u00e9se, \u00edgy szolg\u00e1lunk gy\u00fclekezeteink k\u00f6z\u00f6s alkalmain\u00a0(h\u00fasv\u00e9ti, p\u00fcnk\u00f6sdi istentisztelet, imah\u00e9t, evangeliz\u00e1ci\u00f3). T\u00f6bb \u00e9ve megrendezz\u00fck adventi-kar\u00e1csonyi szolg\u00e1latunkat is, melyre szeretettel v\u00e1rjuk az \u00e9rdekl\u0151d\u0151ket.<\/p>\n<p>A fentiek mellett \u00fajabb szolg\u00e1lati lehet\u0151s\u00e9gek\u00e9rt im\u00e1dkoztunk, im\u00e1dkozunk. 2017-ben a Zsad\u00e1nyi Reform\u00e1tus Id\u0151sek Otthon\u00e1ban is magasztalhattuk Isten\u00fcnket, s az ott \u00e9l\u0151k \u00e9s dolgoz\u00f3k lelk\u00e9t is hangolhattuk \u00e9nekeinkkel. Csod\u00e1latos megtapasztalni Isten \u00e1ld\u00e1s\u00e1t szolg\u00e1latainkon! Tapasztaljuk, hogy \u0150 ad er\u0151t \u00e9s \u00f6r\u00f6met nek\u00fcnk!<\/p>\n<p><img data-recalc-dims=\"1\" loading=\"lazy\" decoding=\"async\" data-attachment-id=\"1711\" data-permalink=\"https:\/\/biharugra.reformatus.hu\/?attachment_id=1711\" data-orig-file=\"https:\/\/i0.wp.com\/biharugra.reformatus.hu\/wp-content\/uploads\/2017\/09\/18641895_820946671386115_620752404_o.jpg?fit=2048%2C1536&amp;ssl=1\" data-orig-size=\"2048,1536\" data-comments-opened=\"0\" data-image-meta=\"{&quot;aperture&quot;:&quot;0&quot;,&quot;credit&quot;:&quot;&quot;,&quot;camera&quot;:&quot;&quot;,&quot;caption&quot;:&quot;&quot;,&quot;created_timestamp&quot;:&quot;0&quot;,&quot;copyright&quot;:&quot;&quot;,&quot;focal_length&quot;:&quot;0&quot;,&quot;iso&quot;:&quot;0&quot;,&quot;shutter_speed&quot;:&quot;0&quot;,&quot;title&quot;:&quot;&quot;,&quot;orientation&quot;:&quot;0&quot;}\" data-image-title=\"18641895_820946671386115_620752404_o\" data-image-description=\"\" data-image-caption=\"\" data-large-file=\"https:\/\/i0.wp.com\/biharugra.reformatus.hu\/wp-content\/uploads\/2017\/09\/18641895_820946671386115_620752404_o.jpg?fit=640%2C480&amp;ssl=1\" class=\"aligncenter size-large wp-image-1711\" src=\"https:\/\/i0.wp.com\/biharugra.reformatus.hu\/wp-content\/uploads\/2017\/09\/18641895_820946671386115_620752404_o-1024x768.jpg?resize=640%2C480\" alt=\"\" width=\"640\" height=\"480\" srcset=\"https:\/\/i0.wp.com\/biharugra.reformatus.hu\/wp-content\/uploads\/2017\/09\/18641895_820946671386115_620752404_o.jpg?resize=1024%2C768&amp;ssl=1 1024w, https:\/\/i0.wp.com\/biharugra.reformatus.hu\/wp-content\/uploads\/2017\/09\/18641895_820946671386115_620752404_o.jpg?resize=300%2C225&amp;ssl=1 300w, https:\/\/i0.wp.com\/biharugra.reformatus.hu\/wp-content\/uploads\/2017\/09\/18641895_820946671386115_620752404_o.jpg?resize=768%2C576&amp;ssl=1 768w, https:\/\/i0.wp.com\/biharugra.reformatus.hu\/wp-content\/uploads\/2017\/09\/18641895_820946671386115_620752404_o.jpg?resize=640%2C480&amp;ssl=1 640w, https:\/\/i0.wp.com\/biharugra.reformatus.hu\/wp-content\/uploads\/2017\/09\/18641895_820946671386115_620752404_o.jpg?w=2048&amp;ssl=1 2048w, https:\/\/i0.wp.com\/biharugra.reformatus.hu\/wp-content\/uploads\/2017\/09\/18641895_820946671386115_620752404_o.jpg?w=1280&amp;ssl=1 1280w, https:\/\/i0.wp.com\/biharugra.reformatus.hu\/wp-content\/uploads\/2017\/09\/18641895_820946671386115_620752404_o.jpg?w=1920&amp;ssl=1 1920w\" sizes=\"auto, (max-width: 640px) 100vw, 640px\" \/><\/p>\n<blockquote><p>H\u00e1laad\u00f3 istentisztelet Biharugra, Reform\u00e1tus templom 2015.06.07<\/p><\/blockquote>\n<p>&nbsp;<\/p>\n<p><strong>Alkalmainkra szeretettel v\u00e1rjuk az Istent dics\u00e9rni v\u00e1gy\u00f3, \u00e9nekelni szeret\u0151 testv\u00e9reket!<\/strong><\/p>\n<p>&nbsp;<\/p>\n<p style=\"text-align: center;\"><em>\u00c9nekeljetek az \u00darnak \u00faj \u00e9neket; \u00e9nekelj az \u00darnak te eg\u00e9sz f\u00f6ld! Zsolt 96,1<\/em><\/p>\n<p style=\"text-align: right;\"><strong>T\u00f3thn\u00e9 Bereczki \u00c9va<\/strong><\/p>\n\n\n<\/div>\n","protected":false},"excerpt":{"rendered":"<div class=\"entry-summary\" itemprop=\"text\">\n<p>Szeretn\u00e9k \u00e9nekelni N\u00e9ked \u00a0 Szeretn\u00e9k \u00e9nekelni N\u00e9ked, Uram, nyisd meg az ajkamat, hogy szent legyen mindig az \u00e9nek, amely sz\u00edvemb\u0151l felfakad. \u00a0 Hadd zengjem el, hogy sz\u00e1zszor \u00e1ldott keresztedn\u00e9l ki megpihen, hadd zengjem el, hogy megtal\u00e1lt ott s b\u00e9k\u00e9re lelt az \u00e9n sz\u00edvem. \u00a0 Szeretn\u00e9k \u00e9nekelni m\u00e1snak hogy N\u00e9ked \u00e9nekelni j\u00f3, hogy \u00e9let\u00fcnk b\u00fas l\u00e1zad\u00e1s &#8230;<\/p>\n\n<\/div>\n","protected":false},"author":1,"featured_media":0,"parent":0,"menu_order":0,"comment_status":"closed","ping_status":"closed","template":"","meta":{"footnotes":""},"class_list":["post-1696","page","type-page","status-publish","hentry","entry-lead"],"jetpack_shortlink":"https:\/\/wp.me\/P9cS46-rm","jetpack-related-posts":[{"id":446,"url":"https:\/\/biharugra.reformatus.hu\/?page_id=446","url_meta":{"origin":1696,"position":0},"title":"Ifj\u00fas\u00e1gi csoport","author":"Webmester","date":"2014.04.20.","format":false,"excerpt":"\u00a0 \u00a0","rel":"","context":"Similar post","block_context":{"text":"Similar post","link":""},"img":{"alt_text":"","src":"","width":0,"height":0},"classes":[]},{"id":127,"url":"https:\/\/biharugra.reformatus.hu\/?page_id=127","url_meta":{"origin":1696,"position":1},"title":"R\u00e9gebbi igehirdet\u00e9sek","author":"Webmester","date":"2014.04.11.","format":false,"excerpt":"Moln\u00e1r Imre 2011.08.21-i pr\u00e9dik\u00e1ci\u00f3ja Luk\u00e1cs 9, 12-17 (17.v.). El\u0151ima Dr\u00e1ga Mennyei \u00c9desaty\u00e1nk! H\u00e1latelt sz\u00edvvel k\u00f6sz\u00f6nj\u00fck meg, hogy ezen a mai vas\u00e1rnapi d\u00e9lel\u0151tt\u00f6n is egybegy\u0171jt\u00f6tt\u00e9l benn\u00fcnket a Te h\u00e1z\u00e1ban. K\u00f6sz\u00f6nj\u00fck, hogy ell\u00e1tsz benn\u00fcnket lelki t\u00e1pl\u00e1l\u00e9kkal av\u00e9gre, hogy er\u0151s\u00f6dj\u00fcnk hitben \u00e9s l\u00e9lekben. K\u00f6sz\u00f6nj\u00fck, hogy Te emberi gyarl\u00f3s\u00e1gunk ellen\u00e9re sem t\u00e1volodsz el T\u0151l\u00fcnk,\u2026","rel":"","context":"Similar post","block_context":{"text":"Similar post","link":""},"img":{"alt_text":"","src":"","width":0,"height":0},"classes":[]},{"id":428,"url":"https:\/\/biharugra.reformatus.hu\/?page_id=428","url_meta":{"origin":1696,"position":2},"title":"A T\u00edzparancsolat","author":"Webmester","date":"2014.04.14.","format":false,"excerpt":"T\u00edz seg\u00edts\u00e9g az emberr\u00e9 v\u00e1l\u00e1s \u00fatj\u00e1n (2. M\u00f3zes 20,1-17) 1. \u00c9n, az \u00daR, vagyok a te Istened, aki kihoztalak Egyiptom f\u00f6ldj\u00e9r\u0151l, a szolgas\u00e1g h\u00e1z\u00e1b\u00f3l. [5M\u00f3z 5,6-21] Ne legyen m\u00e1s istened rajtam k\u00edv\u00fcl! 2. Ne csin\u00e1lj magadnak semmif\u00e9le istenszobrot azoknak a k\u00e9pm\u00e1s\u00e1ra, amik fenn az \u00e9gben, lenn a f\u00f6ld\u00f6n, vagy a\u2026","rel":"","context":"Similar post","block_context":{"text":"Similar post","link":""},"img":{"alt_text":"","src":"","width":0,"height":0},"classes":[]},{"id":977,"url":"https:\/\/biharugra.reformatus.hu\/?page_id=977","url_meta":{"origin":1696,"position":3},"title":"P\u00e9ld\u00e1tlan \u00f6sszefog\u00e1s \u00e9s \u00f6r\u00f6m Biharugr\u00e1n","author":"Webmester","date":"2015.06.23.","format":false,"excerpt":"A biharugrai reform\u00e1tus egyh\u00e1zk\u00f6zs\u00e9g \u00e9let\u00e9ben az elm\u00falt id\u0151ben sz\u00e1mos olyan nagyform\u00e1tum\u00fa esem\u00e9ny t\u00f6rt\u00e9nt, amely a kis k\u00f6z\u00f6ss\u00e9g \u00f6sszetartoz\u00e1s\u00e1t, \u00f6sszefog\u00e1s\u00e1nak erej\u00e9t bizony\u00edtotta. Az itt \u00e9l\u0151 emberek szem\u00e9lyes lehet\u0151s\u00e9g\u00fck f\u00fcggv\u00e9ny\u00e9ben felekezeti hovatartoz\u00e1sukt\u00f3l f\u00fcggetlen\u00fcl adakoz\u00e1ssal, munk\u00e1jukkal, sz\u00edves vend\u00e9gl\u00e1t\u00e1sukkal j\u00e1rultak hozz\u00e1 a telep\u00fcl\u00e9s fejl\u0151d\u00e9s\u00e9hez. \u00daj gy\u00fclekezeti terem \u00e9p\u00fclt \u00e9s k\u00f6zadakoz\u00e1sb\u00f3l meg\u00fajult a harangoz\u00f3szerkezet \u00e9s\u2026","rel":"","context":"Similar post","block_context":{"text":"Similar post","link":""},"img":{"alt_text":"","src":"","width":0,"height":0},"classes":[]},{"id":587,"url":"https:\/\/biharugra.reformatus.hu\/?page_id=587","url_meta":{"origin":1696,"position":4},"title":"Tataroz\u00e1s \u00e9s fel\u00faj\u00edt\u00e1si tervek Biharugr\u00e1n","author":"Webmester","date":"2014.08.17.","format":false,"excerpt":"A Tisz\u00e1nt\u00fali Reform\u00e1tus Egyh\u00e1zker\u00fclet egyik legr\u00e9gebbi, a Biharugrai Reform\u00e1tus Egyh\u00e1zk\u00f6zs\u00e9g templom\u00e1nak alapjai az \u00c1rp\u00e1d korra ny\u00falnak vissza. Ma jelent\u0151s fel\u00faj\u00edt\u00e1st terveznek. Az elk\u00e9pz\u00e9sek szerint, a k\u00fcls\u0151 fel\u00faj\u00edt\u00e1si munk\u00e1k mellett, l\u00e1togathat\u00f3v\u00e1 tenn\u00e9k a harangtornyot is, ahonnan p\u00e1ratlan kil\u00e1t\u00e1s ny\u00edlik a k\u00f6zs\u00e9gre \u00e9s a R\u00e9tk\u00f6zre. Keleten pedig, tiszta id\u0151ben, j\u00f3l l\u00e1tsz\u00f3dnak a\u2026","rel":"","context":"Similar post","block_context":{"text":"Similar post","link":""},"img":{"alt_text":"","src":"","width":0,"height":0},"classes":[]},{"id":137,"url":"https:\/\/biharugra.reformatus.hu\/?page_id=137","url_meta":{"origin":1696,"position":5},"title":"A templom \u00e9s a par\u00f3kia t\u00f6rt\u00e9nete","author":"Webmester","date":"2014.04.11.","format":false,"excerpt":"A templom \u00e9p\u00fclet\u00e9nek t\u00f6rt\u00e9nete \u00a0 \u00a0 \u00a0 Az \u00e9p\u00fclet t\u00f6rt\u00e9nete az \u00c1rp\u00e1d-korig ny\u00falik vissza. A mai templom - a torony \u00e9s a d\u00e9li oldal\u00e1n elhelyezett toldal\u00e9k\u00e9p\u00fclet (porticus) kiv\u00e9tel\u00e9vel - rom\u00e1n kori alapfalakra \u00e9p\u00fclt fel. A f\u00e9lk\u00f6r\u00edves szent\u00e9ly (apszis) k\u00fcls\u0151 oldal\u00e1n legal\u00e1bb 1 - 1,5 m\u00e9ter magass\u00e1gig \u00e1ll a k\u00f6z\u00e9pkori fal,\u2026","rel":"","context":"Similar post","block_context":{"text":"Similar post","link":""},"img":{"alt_text":"","src":"","width":0,"height":0},"classes":[]}],"jetpack_sharing_enabled":true,"_links":{"self":[{"href":"https:\/\/biharugra.reformatus.hu\/index.php?rest_route=\/wp\/v2\/pages\/1696","targetHints":{"allow":["GET"]}}],"collection":[{"href":"https:\/\/biharugra.reformatus.hu\/index.php?rest_route=\/wp\/v2\/pages"}],"about":[{"href":"https:\/\/biharugra.reformatus.hu\/index.php?rest_route=\/wp\/v2\/types\/page"}],"author":[{"embeddable":true,"href":"https:\/\/biharugra.reformatus.hu\/index.php?rest_route=\/wp\/v2\/users\/1"}],"replies":[{"embeddable":true,"href":"https:\/\/biharugra.reformatus.hu\/index.php?rest_route=%2Fwp%2Fv2%2Fcomments&post=1696"}],"version-history":[{"count":9,"href":"https:\/\/biharugra.reformatus.hu\/index.php?rest_route=\/wp\/v2\/pages\/1696\/revisions"}],"predecessor-version":[{"id":1716,"href":"https:\/\/biharugra.reformatus.hu\/index.php?rest_route=\/wp\/v2\/pages\/1696\/revisions\/1716"}],"wp:attachment":[{"href":"https:\/\/biharugra.reformatus.hu\/index.php?rest_route=%2Fwp%2Fv2%2Fmedia&parent=1696"}],"curies":[{"name":"wp","href":"https:\/\/api.w.org\/{rel}","templated":true}]}}