{"id":1704,"date":"2017-09-27T10:29:40","date_gmt":"2017-09-27T09:29:40","guid":{"rendered":"http:\/\/biharugra.reformatus.hu\/?page_id=1704"},"modified":"2017-09-28T22:00:52","modified_gmt":"2017-09-28T21:00:52","slug":"kenyermorzsa-szinure-festik-az-isten-hazat-biharugran","status":"publish","type":"page","link":"https:\/\/biharugra.reformatus.hu\/?page_id=1704","title":{"rendered":"Keny\u00e9rmorzsa sz\u00edn\u0171 Isten h\u00e1za Biharugr\u00e1n"},"content":{"rendered":"<div class=\"entry-content\" itemprop=\"text\">\n<p>K\u00f6zel 50 milli\u00f3 forintb\u00f3l \u00fajul meg Biharugra reform\u00e1tus temploma \u2013 sz\u00e1molt be Szab\u00f3 \u00c1rp\u00e1d Csaba, a reform\u00e1tus egyh\u00e1zk\u00f6zs\u00e9g lelk\u00e9sze \u00e9s Makra Tibor, a telep\u00fcl\u00e9s polg\u00e1rmestere. Elk\u00e9pzelhet\u0151, hogy a korszer\u0171s\u00edt\u00e9s m\u00e9g az id\u00e9n elkezd\u0151dik \u00e9s j\u00f6v\u0151 \u00e9v v\u00e9g\u00e9re befejez\u0151dik. A torony \u00e9s a haj\u00f3 ugyanolyan sz\u00edn\u0171 lesz: keny\u00e9rmorzsa.<br \/>\nTeljes k\u00fcls\u0151 fel\u00faj\u00edt\u00e1s v\u00e1rhat\u00f3 Biharugra reform\u00e1tus templom\u00e1n, \u00fagy 50 milli\u00f3 forintb\u00f3l, a Vid\u00e9kfejleszt\u00e9si Program keret\u00e9ben: ennek d\u00f6nt\u0151 t\u00f6bbs\u00e9ge t\u00e1mogat\u00e1s, kisebb r\u00e9sze pedig \u00f6ner\u0151, amit a reform\u00e1tus egyh\u00e1z \u00e1ll. A p\u00e1ly\u00e1zatot m\u00e9g tavaly ny\u00fajtott\u00e1k be, a t\u00e1mogat\u00f3i szerz\u0151d\u00e9s pedig nemr\u00e9g sz\u00fcletett meg \u2013 t\u00e1j\u00e9koztatott Szab\u00f3 \u00c1rp\u00e1d Csaba lelk\u00e9sz \u00e9s Makra Tibor polg\u00e1rmester.<\/p>\n<p>Kuri\u00f3zumnak mondhat\u00f3, hogy jelenleg a torony s\u00e1rg\u00e1ban, a haj\u00f3 pedig feh\u00e9rben pomp\u00e1zik, pedig egykoron elvileg azonos sz\u00ednre m\u00e1zolt\u00e1k: az egyik s\u00f6t\u00e9tedett, a m\u00e1sik kifakult. A mostani korszer\u0171s\u00edt\u00e9st k\u00f6vet\u0151en a s\u00e1rga egyik izgalmasnak nevezhet\u0151 \u00e1rnyalata, a keny\u00e9rmorzsa lesz az a k\u00f6zponti sz\u00edn, abban ny\u00fajt\u00f3zhat az \u00e9g fel\u00e9 az Isten h\u00e1za. A vakolat mellett cser\u00e9lik az ablakokat \u2013 a vadonat\u00fajnak nevezhet\u0151 bej\u00e1rati ajt\u00f3kat nem \u2013, a tet\u0151t, a h\u00e9jazatot is, amit p\u00e1r \u00e9ve felt\u00e9pett, megt\u00e9p\u00e1zott egy jelent\u0151s vihar.<\/p>\n<p>A pontos menetrend egyel\u0151re nem ismert. Annyi bizonyos: a k\u00f6zelj\u00f6v\u0151ben \u00e1raj\u00e1nlatokat k\u00e9rnek be. Elvileg a munk\u00e1latok m\u00e9g az id\u00e9n elkezd\u0151dhetnek, \u00e9s ha minden igaz, akkor j\u00f6v\u0151 \u00e9v v\u00e9g\u00e9re be is fejez\u0151dnek. Szab\u00f3 \u00c1rp\u00e1d Csaba szerint m\u00e1r id\u0151szer\u0171 a fel\u00faj\u00edt\u00e1s, amire tizenh\u00e1rom \u00e9ven kereszt\u00fcl hi\u00e1ba p\u00e1ly\u00e1ztak, mivel eddig nem nyertek t\u00e1mogat\u00e1st. Most \u00f6r\u00fclnek \u00e9s h\u00e1l\u00e1sak Istennek a fejleszt\u00e9s\u00e9rt \u2013 ami a rem\u00e9nyeik szerint motiv\u00e1l\u00f3 lesz, \u00e9s t\u00f6bben csatlakoznak a gy\u00fclekezethez, j\u00e1rnak istentiszteletekre.<\/p>\n<p>A reform\u00e1tus lelk\u00e9sz elmondta, hogy n\u00e9h\u00e1ny esztend\u0151vel ezel\u0151tt \u2013 ugyancsak p\u00e1ly\u00e1zati forr\u00e1sb\u00f3l \u2013 bels\u0151 fel\u00faj\u00edt\u00e1son esett \u00e1t az \u00e9p\u00fclet, festettek, \u00faj csill\u00e1rokat v\u00e1s\u00e1roltak. B\u00e1r a b\u00fatorzat is n\u00f3vumnak t\u0171nik, azt m\u00e9g az 1800-as \u00e9vek v\u00e9g\u00e9n adom\u00e1nyozta a B\u00f6l\u00f6nyi csal\u00e1d a gy\u00fclekezetnek. A hangos\u00edt\u00e1st szint\u00e9n megoldott\u00e1k, valamint vet\u00edt\u0151t is beszereztek szeml\u00e9ltet\u0151 eszk\u00f6znek.<\/p>\n<p>\u2013 Mes\u00e9s volt a harangj\u00e1t\u00e9k. Hol volt, hol nem volt \u2013 mosolygott. Mertek azonban nagyot \u00e1lmodni, \u00e9s p\u00e1r \u00e9ve, egy kar\u00e1csony el\u0151tti id\u0151szakban felh\u00edv\u00e1st tettek k\u00f6zz\u00e9. Az adom\u00e1nyok r\u00e9v\u00e9n rekordid\u0151 alatt \u00f6sszegy\u0171lt a sz\u00fcks\u00e9ges p\u00e9nz\u00f6sszeg, amib\u0151l nemcsak a harangoz\u00e1si rendszert tudt\u00e1k meg\u00faj\u00edtani, hanem egy olyan \u00f3raszerkezetet is beszereztek, ami az\u00f3ta is pontosan j\u00e1r.<\/p>\n<p>\u2013 Az egyh\u00e1zfenntart\u00f3k sz\u00e1ma k\u00e9tsz\u00e1z alatti, istentisztetekre negyvenen-\u00f6tvenen j\u00e1rnak, persze kar\u00e1csonykor a l\u00e9tsz\u00e1m sz\u00e1z felettire duzzad. A tavalyihoz k\u00e9pest rekordnak sz\u00e1m\u00edt, hogy hat gyermek \u00e9s k\u00e9t feln\u0151tt keresztelkedett meg, illetve, hogy m\u00e1r h\u00e1rom esk\u00fcv\u0151 zajlott a templomban \u2013 folytatta Szab\u00f3 \u00c1rp\u00e1d Csaba. A tervek k\u00f6z\u00f6tt szerepel a gy\u00fclekezeti terem m\u00e1sf\u00e9l-k\u00e9t milli\u00f3 forintos fel\u00faj\u00edt\u00e1sa, ugyanis f\u0171t\u00e9si szezonban ott zajlanak az istentiszteletek, valamint a temet\u0151 rendbe t\u00e9tel\u00e9t is folytatn\u00e1k.<\/p>\n<p><img data-recalc-dims=\"1\" loading=\"lazy\" decoding=\"async\" data-attachment-id=\"1705\" data-permalink=\"https:\/\/biharugra.reformatus.hu\/?attachment_id=1705\" data-orig-file=\"https:\/\/i0.wp.com\/biharugra.reformatus.hu\/wp-content\/uploads\/2017\/09\/templomfelujit.jpg?fit=1400%2C1323&amp;ssl=1\" data-orig-size=\"1400,1323\" data-comments-opened=\"0\" data-image-meta=\"{&quot;aperture&quot;:&quot;0&quot;,&quot;credit&quot;:&quot;&quot;,&quot;camera&quot;:&quot;&quot;,&quot;caption&quot;:&quot;&quot;,&quot;created_timestamp&quot;:&quot;0&quot;,&quot;copyright&quot;:&quot;&quot;,&quot;focal_length&quot;:&quot;0&quot;,&quot;iso&quot;:&quot;0&quot;,&quot;shutter_speed&quot;:&quot;0&quot;,&quot;title&quot;:&quot;&quot;,&quot;orientation&quot;:&quot;1&quot;}\" data-image-title=\"templomfelujit\" data-image-description=\"\" data-image-caption=\"\" data-large-file=\"https:\/\/i0.wp.com\/biharugra.reformatus.hu\/wp-content\/uploads\/2017\/09\/templomfelujit.jpg?fit=640%2C605&amp;ssl=1\" class=\"aligncenter size-large wp-image-1705\" src=\"https:\/\/i0.wp.com\/biharugra.reformatus.hu\/wp-content\/uploads\/2017\/09\/templomfelujit-1024x968.jpg?resize=640%2C605\" alt=\"\" width=\"640\" height=\"605\" srcset=\"https:\/\/i0.wp.com\/biharugra.reformatus.hu\/wp-content\/uploads\/2017\/09\/templomfelujit.jpg?resize=1024%2C968&amp;ssl=1 1024w, https:\/\/i0.wp.com\/biharugra.reformatus.hu\/wp-content\/uploads\/2017\/09\/templomfelujit.jpg?resize=300%2C284&amp;ssl=1 300w, https:\/\/i0.wp.com\/biharugra.reformatus.hu\/wp-content\/uploads\/2017\/09\/templomfelujit.jpg?resize=768%2C726&amp;ssl=1 768w, https:\/\/i0.wp.com\/biharugra.reformatus.hu\/wp-content\/uploads\/2017\/09\/templomfelujit.jpg?resize=640%2C605&amp;ssl=1 640w, https:\/\/i0.wp.com\/biharugra.reformatus.hu\/wp-content\/uploads\/2017\/09\/templomfelujit.jpg?w=1400&amp;ssl=1 1400w, https:\/\/i0.wp.com\/biharugra.reformatus.hu\/wp-content\/uploads\/2017\/09\/templomfelujit.jpg?w=1280&amp;ssl=1 1280w\" sizes=\"auto, (max-width: 640px) 100vw, 640px\" \/><\/p>\n<p style=\"text-align: center;\"><strong><em>Szab\u00f3 \u00c1rp\u00e1d Csaba helyi reform\u00e1tus lelk\u00e9sz \u00e9s Makra Tibor polg\u00e1rmester ismertette a beruh\u00e1z\u00e1st Fot\u00f3: Imre Gy\u00f6rgy<\/em><\/strong><\/p>\n<p>A mostani \u00e9p\u00fclet majdnem 250 \u00e9ves<br \/>\nBiharugra a Cs\u00e1k nemzets\u00e9gb\u0151l kiszakadt Ugray csal\u00e1d birtoka volt \u00e9vsz\u00e1zadokon kereszt\u00fcl, a t\u00f6r\u00f6k h\u00f3dolts\u00e1g idej\u00e9n azonban a falvaikkal egy\u00fctt az uralmuk is le\u00e1ldozott. Elt\u0171nt Monostorugra, Nagyugra \u00e9s Kisugra. Ugra monostor\u00e1nak els\u0151 eml\u00edt\u00e9se a 12. sz\u00e1zadra tehet\u0151 \u2013 olvashat\u00f3 a K\u00f6r\u00f6s-S\u00e1rr\u00e9t Turizmus\u00e1\u00e9rt Egyes\u00fclet kiadv\u00e1ny\u00e1ban.<\/p>\n<p>A t\u00f6r\u00f6k h\u00f3dolts\u00e1g idej\u00e9n teljesen reform\u00e1tus hitre t\u00e9rt lakoss\u00e1g az ugrai monostor templom\u00e1nak alapjait h\u0171en k\u00f6vetve emelte a most is l\u00e1that\u00f3 Isten h\u00e1z\u00e1t 1772-ben, teh\u00e1t majd\u2019 250 \u00e9ve. A r\u00e9gi templom k\u00f6vei a szent\u00e9ly fel\u0151li r\u00e9szen m\u00e9g m\u00e1sf\u00e9l m\u00e9teres magass\u00e1gig l\u00e1that\u00f3k.<\/p>\n<p>A d\u00e9li r\u00e9szen 1777-ben emeltek portikuszt, majd 1796 \u00e9s 1801 k\u00f6z\u00f6tt h\u00fazt\u00e1k fel a tornyot, amelyhez a mester Kisugra templom\u00e1nak k\u00f6veit is felhaszn\u00e1lta. A berendez\u00e9s a B\u00f6l\u00f6nyi csal\u00e1d t\u00e1mogat\u00e1s\u00e1val \u00fajult meg az 1800-as \u00e9vek v\u00e9g\u00e9n. A k\u00e9s\u0151 barokk st\u00edlusjegyeit felsorakoztat\u00f3 templom l\u00e1togat\u00f3i a k\u00f6z\u00e9pkori monostor templom\u00e1nak \u00e9l\u0151 eml\u00e9k\u00e9vel tal\u00e1lkozhatnak.<\/p>\n<p>&nbsp;<\/p>\n<p>Licska Bal\u00e1zs<\/p>\n<p>forr\u00e1s:\u00a0https:\/\/www.beol.hu\/kozelet\/helyi-kozelet\/kenyermorzsa-szinure-festik-az-isten-hazat-biharugran-997259\/<\/p>\n\n\n<\/div>\n","protected":false},"excerpt":{"rendered":"<div class=\"entry-summary\" itemprop=\"text\">\n<p>K\u00f6zel 50 milli\u00f3 forintb\u00f3l \u00fajul meg Biharugra reform\u00e1tus temploma \u2013 sz\u00e1molt be Szab\u00f3 \u00c1rp\u00e1d Csaba, a reform\u00e1tus egyh\u00e1zk\u00f6zs\u00e9g lelk\u00e9sze \u00e9s Makra Tibor, a telep\u00fcl\u00e9s polg\u00e1rmestere. Elk\u00e9pzelhet\u0151, hogy a korszer\u0171s\u00edt\u00e9s m\u00e9g az id\u00e9n elkezd\u0151dik \u00e9s j\u00f6v\u0151 \u00e9v v\u00e9g\u00e9re befejez\u0151dik. A torony \u00e9s a haj\u00f3 ugyanolyan sz\u00edn\u0171 lesz: keny\u00e9rmorzsa. Teljes k\u00fcls\u0151 fel\u00faj\u00edt\u00e1s v\u00e1rhat\u00f3 Biharugra reform\u00e1tus templom\u00e1n, \u00fagy &#8230;<\/p>\n\n<\/div>\n","protected":false},"author":1,"featured_media":0,"parent":0,"menu_order":0,"comment_status":"closed","ping_status":"closed","template":"","meta":{"footnotes":""},"class_list":["post-1704","page","type-page","status-publish","hentry","entry-lead"],"jetpack_shortlink":"https:\/\/wp.me\/P9cS46-ru","jetpack-related-posts":[{"id":587,"url":"https:\/\/biharugra.reformatus.hu\/?page_id=587","url_meta":{"origin":1704,"position":0},"title":"Tataroz\u00e1s \u00e9s fel\u00faj\u00edt\u00e1si tervek Biharugr\u00e1n","author":"Webmester","date":"2014.08.17.","format":false,"excerpt":"A Tisz\u00e1nt\u00fali Reform\u00e1tus Egyh\u00e1zker\u00fclet egyik legr\u00e9gebbi, a Biharugrai Reform\u00e1tus Egyh\u00e1zk\u00f6zs\u00e9g templom\u00e1nak alapjai az \u00c1rp\u00e1d korra ny\u00falnak vissza. Ma jelent\u0151s fel\u00faj\u00edt\u00e1st terveznek. Az elk\u00e9pz\u00e9sek szerint, a k\u00fcls\u0151 fel\u00faj\u00edt\u00e1si munk\u00e1k mellett, l\u00e1togathat\u00f3v\u00e1 tenn\u00e9k a harangtornyot is, ahonnan p\u00e1ratlan kil\u00e1t\u00e1s ny\u00edlik a k\u00f6zs\u00e9gre \u00e9s a R\u00e9tk\u00f6zre. Keleten pedig, tiszta id\u0151ben, j\u00f3l l\u00e1tsz\u00f3dnak a\u2026","rel":"","context":"Similar post","block_context":{"text":"Similar post","link":""},"img":{"alt_text":"","src":"","width":0,"height":0},"classes":[]},{"id":516,"url":"https:\/\/biharugra.reformatus.hu\/?page_id=516","url_meta":{"origin":1704,"position":1},"title":"Gyerekt\u00e1bor &#8211; 2014","author":"Webmester","date":"2014.08.15.","format":false,"excerpt":"\u0150szt\u0151l k\u00e9t tan\u00edt\u00f3val tov\u00e1bb folytatj\u00e1k az als\u00f3 tagozatos oktat\u00e1st Biharugr\u00e1n. V\u00edgh Ilona, Biharugra polg\u00e1rmestere (FIDSZ-KDNP) bejelentette hogy \u0151szt\u0151l k\u00e9t tan\u00edt\u00f3val tov\u00e1bb folytatj\u00e1k az als\u00f3 tagozatos oktat\u00e1st Biharugr\u00e1n \u2013 tudta meg a R\u00e1di\u00f37. A faluban \u00f3ri\u00e1si hagyom\u00e1nyai vannak az oktat\u00e1snak, hiszen \u00fagy tartj\u00e1k, hogy a m\u00falt sz\u00e1zad elej\u00e9n 50 \u00e9ven \u00e1t\u2026","rel":"","context":"Similar post","block_context":{"text":"Similar post","link":""},"img":{"alt_text":"","src":"","width":0,"height":0},"classes":[]},{"id":521,"url":"https:\/\/biharugra.reformatus.hu\/?page_id=521","url_meta":{"origin":1704,"position":2},"title":"Gy\u00fclekezeti csendes nap Biharugr\u00e1n","author":"Webmester","date":"2014.08.15.","format":false,"excerpt":"Biharugr\u00e1n 2006 \u00f3ta tartanak a reform\u00e1tusok gy\u00fclekezeti csendes napot, a testv\u00e9rgy\u00fclekezetekkel k\u00f6z\u00f6sen, amelyen kor\u00e1bban csak az egyh\u00e1z el\u00f6lj\u00e1r\u00f3k, a presbit\u00e9rium tagjai vettek r\u00e9szt. Ett\u0151l az \u00e9vt\u0151l kezd\u0151d\u0151en \u00fagy d\u00f6nt\u00f6ttek, hogy a gy\u00fclekezet is r\u00e9szt vehet a rendezv\u00e9nyen. Ebben az esztend\u0151ben \u00f6t\u00f6dik esztendeje, hogy a Trianoni szerz\u0151d\u00e9sek ut\u00e1n, 2009-ben \u00fajra megalakult\u2026","rel":"","context":"Similar post","block_context":{"text":"Similar post","link":""},"img":{"alt_text":"","src":"","width":0,"height":0},"classes":[]},{"id":137,"url":"https:\/\/biharugra.reformatus.hu\/?page_id=137","url_meta":{"origin":1704,"position":3},"title":"A templom \u00e9s a par\u00f3kia t\u00f6rt\u00e9nete","author":"Webmester","date":"2014.04.11.","format":false,"excerpt":"A templom \u00e9p\u00fclet\u00e9nek t\u00f6rt\u00e9nete \u00a0 \u00a0 \u00a0 Az \u00e9p\u00fclet t\u00f6rt\u00e9nete az \u00c1rp\u00e1d-korig ny\u00falik vissza. A mai templom - a torony \u00e9s a d\u00e9li oldal\u00e1n elhelyezett toldal\u00e9k\u00e9p\u00fclet (porticus) kiv\u00e9tel\u00e9vel - rom\u00e1n kori alapfalakra \u00e9p\u00fclt fel. A f\u00e9lk\u00f6r\u00edves szent\u00e9ly (apszis) k\u00fcls\u0151 oldal\u00e1n legal\u00e1bb 1 - 1,5 m\u00e9ter magass\u00e1gig \u00e1ll a k\u00f6z\u00e9pkori fal,\u2026","rel":"","context":"Similar post","block_context":{"text":"Similar post","link":""},"img":{"alt_text":"","src":"","width":0,"height":0},"classes":[]},{"id":141,"url":"https:\/\/biharugra.reformatus.hu\/?page_id=141","url_meta":{"origin":1704,"position":4},"title":"A gy\u00fclekezet lelkip\u00e1sztorai","author":"Webmester","date":"2014.04.11.","format":false,"excerpt":"H\u00e1rom \u00e9vsz\u00e1zad reform\u00e1tus lelk\u00e9szei Biharugr\u00e1n 1. Alf\u00f6ldi (Keresztneve ismeretlen) 2. F\u00f6ldesi (Keresztneve ismeretlen) 3. Marosi J\u00e1nos 4. S\u00e1rai Andr\u00e1s 5. B\u00e1tori Istv\u00e1n 6. Marosi J\u00e1nos 7. Hunyadi Istv\u00e1n 8. Tokai J\u00f3zsef 9. Hal\u00e1sz Istv\u00e1n (1765-ig szolg\u00e1lt Ugr\u00e1n), Ugr\u00e1n temett\u00e9k el. 10. H\u00e9ti (H\u00e9tyi) Ferencz (ugrai szolg\u00e1lati ideje: 1765-1774). \"hozatott p\u00fcsp\u00f6ki\u2026","rel":"","context":"Similar post","block_context":{"text":"Similar post","link":""},"img":{"alt_text":"","src":"","width":0,"height":0},"classes":[]},{"id":139,"url":"https:\/\/biharugra.reformatus.hu\/?page_id=139","url_meta":{"origin":1704,"position":5},"title":"A gy\u00fclekezet t\u00f6rt\u00e9nete","author":"Webmester","date":"2014.04.11.","format":false,"excerpt":"Ugra \u00e9s k\u00f6rny\u00e9ke feltehet\u0151en a XVI. sz\u00e1zad m\u00e1sodik fel\u00e9ben csatlakozott a reform\u00e1ci\u00f3hoz. Hiteles \u00e9s biztos adataink a kezdetekr\u0151l nincsenek. \"A Magyarorsz\u00e1gi Ev. Ref. Egyh\u00e1z Egyetemes N\u00e9vt\u00e1ra az 1886. \u00e9vre\" c. kiadv\u00e1nyban (Budapest, 1887.) az egyh\u00e1zk\u00f6zs\u00e9g keletkez\u00e9s\u00e9nek \u00e9vek\u00e9nt 1599 szerepel. \"A Magyarorsz\u00e1gi Reform\u00e1tus Egyh\u00e1z Egyetemes N\u00e9vt\u00e1ra az 1912. \u00e9vre\" c. kiadv\u00e1nyban\u2026","rel":"","context":"Similar post","block_context":{"text":"Similar post","link":""},"img":{"alt_text":"","src":"","width":0,"height":0},"classes":[]}],"jetpack_sharing_enabled":true,"_links":{"self":[{"href":"https:\/\/biharugra.reformatus.hu\/index.php?rest_route=\/wp\/v2\/pages\/1704","targetHints":{"allow":["GET"]}}],"collection":[{"href":"https:\/\/biharugra.reformatus.hu\/index.php?rest_route=\/wp\/v2\/pages"}],"about":[{"href":"https:\/\/biharugra.reformatus.hu\/index.php?rest_route=\/wp\/v2\/types\/page"}],"author":[{"embeddable":true,"href":"https:\/\/biharugra.reformatus.hu\/index.php?rest_route=\/wp\/v2\/users\/1"}],"replies":[{"embeddable":true,"href":"https:\/\/biharugra.reformatus.hu\/index.php?rest_route=%2Fwp%2Fv2%2Fcomments&post=1704"}],"version-history":[{"count":3,"href":"https:\/\/biharugra.reformatus.hu\/index.php?rest_route=\/wp\/v2\/pages\/1704\/revisions"}],"predecessor-version":[{"id":1859,"href":"https:\/\/biharugra.reformatus.hu\/index.php?rest_route=\/wp\/v2\/pages\/1704\/revisions\/1859"}],"wp:attachment":[{"href":"https:\/\/biharugra.reformatus.hu\/index.php?rest_route=%2Fwp%2Fv2%2Fmedia&parent=1704"}],"curies":[{"name":"wp","href":"https:\/\/api.w.org\/{rel}","templated":true}]}}