{"id":416,"date":"2014-04-14T15:58:20","date_gmt":"2014-04-14T13:58:20","guid":{"rendered":"http:\/\/biharugra.reformatus.hu\/?page_id=416"},"modified":"2017-09-22T11:46:08","modified_gmt":"2017-09-22T10:46:08","slug":"a-keresztseg-aldasai","status":"publish","type":"page","link":"https:\/\/biharugra.reformatus.hu\/?page_id=416","title":{"rendered":"A kereszts\u00e9g \u00e1ld\u00e1sai"},"content":{"rendered":"<div class=\"entry-content\" itemprop=\"text\">\n<p style=\"text-align: justify;\">A kereszts\u00e9gben Isten felk\u00edn\u00e1lt szeretet-sz\u00f6vets\u00e9g\u00e9nek pecs\u00e9tje ker\u00fcl a gyermek homlok\u00e1ra. Isten oldal\u00e1r\u00f3l minden k\u00e9sz arra n\u00e9zve, hogy J\u00e9zus Krisztus kereszthal\u00e1la \u00e9s felt\u00e1mad\u00e1sa r\u00e9v\u00e9n a gyermek bocs\u00e1natot nyerjen b\u0171neire, \u00e9s egyben \u00f6v\u00e9 legyen az \u00f6r\u00f6k \u00e9let \u00f6r\u00f6ks\u00e9ge.<\/p>\n<p style=\"text-align: justify;\">A feln\u0151tt\u00e9 v\u00e1l\u00f3 emberen m\u00falik viszont, hogy hittel elfogadja-e ezeket az aj\u00e1nd\u00e9kokat vagy sem. A megt\u00e9r\u00e9s nem m\u00e1s, mint Isten kegyelm\u00e9nek tudatos elfogad\u00e1sa a b\u0171neimre, illetve d\u00f6nt\u00e9s arr\u00f3l, hogy ezent\u00fal \u2013 h\u00e1l\u00e1b\u00f3l az \u00e9rtem hozott \u00e1ldozat\u00e1\u00e9rt \u2013 engedelmesen k\u00f6vetem az \u00dar J\u00e9zus Krisztust. Csak J\u00e9zus Krisztus befogad\u00e1s\u00e1val v\u00e1lik valaki kereszty\u00e9nn\u00e9! (J\u00e1nos 1,12; R\u00f3ma 8,9)<\/p>\n<p style=\"text-align: justify;\">A kereszts\u00e9g \u00e1ltal a gyermek egy nagy lelki csal\u00e1d tagj\u00e1v\u00e1 lesz, ahol elindulhat a szem\u00e9lyes hitre jut\u00e1sa fel\u00e9. A gy\u00fclekezet tagjai m\u00e1r most szeretettel megel\u0151legezik sz\u00e1m\u00e1ra e sz\u00e9p, Krisztusra mutat\u00f3 nevet: reform\u00e1tus kereszty\u00e9n .<\/p>\n<p style=\"text-align: justify;\">A Reform\u00e1tus Egyh\u00e1z feln\u0151tt korban is keresztel, ha valaki ezt k\u00e9ri, \u00e9s r\u00e9szt vesz egy legal\u00e1bb f\u00e9l \u00e9ves el\u0151k\u00e9sz\u00edt\u0151 tanfolyamon, ami egyben a feln\u0151tt-konfirm\u00e1ci\u00f3ra is felk\u00e9sz\u00edt.<br \/>\nA reform\u00e1tus gyermek-kereszts\u00e9g el\u0151felt\u00e9telei<\/p>\n<p style=\"text-align: justify;\">A keresztel\u00e9s legal\u00e1bb egy, J\u00e9zus Krisztusban h\u00edv\u0151 reform\u00e1tus sz\u00fcl\u0151 \u00e1ltali k\u00e9r\u00e9se. (A sz\u00fcl\u0151 konfirm\u00e1ci\u00f3ja feln\u0151tt korban is p\u00f3tolhat\u00f3.) Az \u0151segyh\u00e1zban csak h\u00edv\u0151 sz\u00fcl\u0151k gyermekeit keresztelt\u00e9k meg, mivel a kereszts\u00e9g hit n\u00e9lk\u00fcl senkit sem juttat az \u00fcdv\u00f6ss\u00e9gbe! (Apostolok Cselekedetei 4,12; 16,27-34; M\u00e1rk 16,16; Zsid\u00f3k 11,6)<\/p>\n<p style=\"text-align: justify;\">K\u00e9t el\u0151k\u00e9sz\u00edt\u0151 besz\u00e9lget\u00e9sen val\u00f3 r\u00e9szv\u00e9tele a sz\u00fcl\u0151knek, illetve a keresztsz\u00fcl\u0151knek. Az Apostoli Hitvall\u00e1s ( Hiszek egy Istenben\u2026 ) \u00e9s a Heidelbergi K\u00e1t\u00e9 els\u0151 t\u00e9tel\u00e9nek ismerete \u00e9s a keresztel\u0151i el\u0151k\u00e9sz\u00edt\u0151n t\u00f6rt\u00e9n\u0151 elmond\u00e1sa. (a reform\u00e1tus \u00e9nekesk\u00f6nyv v\u00e9g\u00e9n, illetve ezen az oldalon mindkett\u0151 megtal\u00e1lhat\u00f3)<\/p>\n<p style=\"text-align: justify;\">Fogadalomt\u00e9tel a k\u00f6vetkez\u0151 k\u00e9t k\u00e9rd\u00e9sre adott v\u00e1lasszal<\/p>\n<p style=\"text-align: justify;\">Akarj\u00e1tok-e, hogy gyermeketeket a kereszts\u00e9g \u00e1ltal az Atya-Fi\u00fa-Szentl\u00e9lek Isten k\u00f6z\u00f6ss\u00e9g\u00e9be, a kereszty\u00e9n anyaszentegyh\u00e1zba befogadjuk?<\/p>\n<p style=\"text-align: justify;\">AKARJUK.<\/p>\n<p style=\"text-align: justify;\">\u00cdg\u00e9ritek-e, fogadj\u00e1tok-e, hogy gyermeketeket \u00fagy nevelitek \u00e9s neveltetitek, hogy majd ha feln\u0151tt, a konfirm\u00e1ci\u00f3 alkalm\u00e1val, \u0151 maga \u00f6nk\u00e9nt tegyen vall\u00e1st a Szenth\u00e1roms\u00e1g Istenbe vetett hit\u00e9r\u0151l a gy\u00fclekezet el\u0151tt?<\/p>\n<p style=\"text-align: justify;\">IG\u00c9RJ\u00dcK \u00c9S FOGADJUK.<\/p>\n<p style=\"text-align: justify;\">Ezek ut\u00e1n a gy\u00fclekezet is fogadalmat tesz, amely szerint a gyermek lelki fejl\u0151d\u00e9s\u00e9\u00e9rt folyamatosan im\u00e1dkozni fog, illetve azt minden rajta \u00e1ll\u00f3 m\u00f3don seg\u00edti.<\/p>\n<p style=\"text-align: justify;\">Aki hisz \u00e9s megkeresztelkedik, az \u00fcdv\u00f6z\u00fcl\u2026 (M\u00e1rk evang\u00e9liuma 16,16)<\/p>\n<p style=\"text-align: justify;\">T\u00e9rjetek meg, \u00e9s keresztelkedjetek meg valamennyien J\u00e9zus Krisztus nev\u00e9ben, b\u0171neitek bocs\u00e1nat\u00e1ra, \u00e9s megkapj\u00e1tok a Szentl\u00e9lek aj\u00e1nd\u00e9k\u00e1t. Mert ti\u00e9tek ez az \u00edg\u00e9ret \u00e9s gyermekeitek\u00e9, s\u0151t mindazok\u00e9 is, akik t\u00e1vol vannak, akiket csak elh\u00edv mag\u00e1nak az \u00dar, a mi Isten\u00fcnk. (Apostolok Cselekedetei 2,38-39)<\/p>\n\n\n<\/div>\n","protected":false},"excerpt":{"rendered":"<div class=\"entry-summary\" itemprop=\"text\">\n<p>A kereszts\u00e9gben Isten felk\u00edn\u00e1lt szeretet-sz\u00f6vets\u00e9g\u00e9nek pecs\u00e9tje ker\u00fcl a gyermek homlok\u00e1ra. Isten oldal\u00e1r\u00f3l minden k\u00e9sz arra n\u00e9zve, hogy J\u00e9zus Krisztus kereszthal\u00e1la \u00e9s felt\u00e1mad\u00e1sa r\u00e9v\u00e9n a gyermek bocs\u00e1natot nyerjen b\u0171neire, \u00e9s egyben \u00f6v\u00e9 legyen az \u00f6r\u00f6k \u00e9let \u00f6r\u00f6ks\u00e9ge. A feln\u0151tt\u00e9 v\u00e1l\u00f3 emberen m\u00falik viszont, hogy hittel elfogadja-e ezeket az aj\u00e1nd\u00e9kokat vagy sem. A megt\u00e9r\u00e9s nem m\u00e1s, mint &#8230;<\/p>\n\n<\/div>\n","protected":false},"author":1,"featured_media":0,"parent":0,"menu_order":0,"comment_status":"closed","ping_status":"closed","template":"","meta":{"footnotes":""},"class_list":["post-416","page","type-page","status-publish","hentry","entry-lead"],"jetpack_shortlink":"https:\/\/wp.me\/P9cS46-6I","jetpack-related-posts":[{"id":406,"url":"https:\/\/biharugra.reformatus.hu\/?page_id=406","url_meta":{"origin":416,"position":0},"title":"Mit jelent az, hogy reform\u00e1tusok vagyunk?","author":"Webmester","date":"2014.04.14.","format":false,"excerpt":"A magyar reform\u00e1tus identit\u00e1s meghat\u00e1roz\u00e1s\u00e1ra mi nem vagyunk illet\u00e9kesek, csak azok, akik egykor (1576) megalkott\u00e1k \u00e9s elfogadt\u00e1k egyh\u00e1zunk hitvall\u00e1sait, majd e hitvall\u00e1sok, mint z\u00e1szl\u00f3 k\u00f6r\u00e9 t\u00f6m\u00f6r\u00fcltek \u2013 olvashat\u00f3 S\u00edpos Ete \u00c1lmos \u00edr\u00e1s\u00e1ban. Ezzel a cikkel indul sorozatunk, amely egy p\u00e1rbesz\u00e9d form\u00e1j\u00e1ban a mai magyar reform\u00e1tus identit\u00e1s k\u00e9rd\u00e9s\u00e9t pr\u00f3b\u00e1lja min\u00e9l t\u00f6bb\u2026","rel":"","context":"Similar post","block_context":{"text":"Similar post","link":""},"img":{"alt_text":"","src":"","width":0,"height":0},"classes":[]},{"id":413,"url":"https:\/\/biharugra.reformatus.hu\/?page_id=413","url_meta":{"origin":416,"position":1},"title":"Reform\u00e1tus h\u00e1zass\u00e1g","author":"Webmester","date":"2014.04.14.","format":false,"excerpt":"Amit egy jegyesp\u00e1rnak tudnia kell, ha a Biharugrai Reform\u00e1tus Egyh\u00e1zk\u00f6zs\u00e9gben szeretne h\u00e1zass\u00e1got k\u00f6tni: Isten Ig\u00e9je szerint a h\u00e1zass\u00e1g k\u00e9t egym\u00e1st szeret\u0151 ember \u00e9letre sz\u00f3l\u00f3 sz\u00f6vets\u00e9ge. Mindketten felel\u0151sek a d\u00f6nt\u00e9s\u00fck\u00e9rt, amellyel felv\u00e1llalj\u00e1k a m\u00e1sikat, megosztj\u00e1k vele \u00e9let\u00fcket, \u00f6r\u00f6meiket \u00e9s b\u00e1nataikat. A Teremt\u0151 Isten eg\u00e9sz \u00e9letre sz\u00f3l\u00f3 kapcsolatk\u00e9nt tervezte a h\u00e1zass\u00e1got, \u2013\u2026","rel":"","context":"Similar post","block_context":{"text":"Similar post","link":""},"img":{"alt_text":"","src":"","width":0,"height":0},"classes":[]},{"id":127,"url":"https:\/\/biharugra.reformatus.hu\/?page_id=127","url_meta":{"origin":416,"position":2},"title":"R\u00e9gebbi igehirdet\u00e9sek","author":"Webmester","date":"2014.04.11.","format":false,"excerpt":"Moln\u00e1r Imre 2011.08.21-i pr\u00e9dik\u00e1ci\u00f3ja Luk\u00e1cs 9, 12-17 (17.v.). El\u0151ima Dr\u00e1ga Mennyei \u00c9desaty\u00e1nk! H\u00e1latelt sz\u00edvvel k\u00f6sz\u00f6nj\u00fck meg, hogy ezen a mai vas\u00e1rnapi d\u00e9lel\u0151tt\u00f6n is egybegy\u0171jt\u00f6tt\u00e9l benn\u00fcnket a Te h\u00e1z\u00e1ban. K\u00f6sz\u00f6nj\u00fck, hogy ell\u00e1tsz benn\u00fcnket lelki t\u00e1pl\u00e1l\u00e9kkal av\u00e9gre, hogy er\u0151s\u00f6dj\u00fcnk hitben \u00e9s l\u00e9lekben. K\u00f6sz\u00f6nj\u00fck, hogy Te emberi gyarl\u00f3s\u00e1gunk ellen\u00e9re sem t\u00e1volodsz el T\u0151l\u00fcnk,\u2026","rel":"","context":"Similar post","block_context":{"text":"Similar post","link":""},"img":{"alt_text":"","src":"","width":0,"height":0},"classes":[]},{"id":1704,"url":"https:\/\/biharugra.reformatus.hu\/?page_id=1704","url_meta":{"origin":416,"position":3},"title":"Keny\u00e9rmorzsa sz\u00edn\u0171 Isten h\u00e1za Biharugr\u00e1n","author":"Webmester","date":"2017.09.27.","format":false,"excerpt":"K\u00f6zel 50 milli\u00f3 forintb\u00f3l \u00fajul meg Biharugra reform\u00e1tus temploma \u2013 sz\u00e1molt be Szab\u00f3 \u00c1rp\u00e1d Csaba, a reform\u00e1tus egyh\u00e1zk\u00f6zs\u00e9g lelk\u00e9sze \u00e9s Makra Tibor, a telep\u00fcl\u00e9s polg\u00e1rmestere. Elk\u00e9pzelhet\u0151, hogy a korszer\u0171s\u00edt\u00e9s m\u00e9g az id\u00e9n elkezd\u0151dik \u00e9s j\u00f6v\u0151 \u00e9v v\u00e9g\u00e9re befejez\u0151dik. A torony \u00e9s a haj\u00f3 ugyanolyan sz\u00edn\u0171 lesz: keny\u00e9rmorzsa. Teljes k\u00fcls\u0151 fel\u00faj\u00edt\u00e1s\u2026","rel":"","context":"Similar post","block_context":{"text":"Similar post","link":""},"img":{"alt_text":"","src":"https:\/\/i0.wp.com\/biharugra.reformatus.hu\/wp-content\/uploads\/2017\/09\/templomfelujit-1024x968.jpg?resize=350%2C200","width":350,"height":200,"srcset":"https:\/\/i0.wp.com\/biharugra.reformatus.hu\/wp-content\/uploads\/2017\/09\/templomfelujit-1024x968.jpg?resize=350%2C200 1x, https:\/\/i0.wp.com\/biharugra.reformatus.hu\/wp-content\/uploads\/2017\/09\/templomfelujit-1024x968.jpg?resize=525%2C300 1.5x"},"classes":[]},{"id":1808,"url":"https:\/\/biharugra.reformatus.hu\/?page_id=1808","url_meta":{"origin":416,"position":4},"title":"Amit a vil\u00e1g \/ Isten mond","author":"Webmester","date":"2017.09.28.","format":false,"excerpt":"","rel":"","context":"Similar post","block_context":{"text":"Similar post","link":""},"img":{"alt_text":"","src":"","width":0,"height":0},"classes":[]},{"id":1696,"url":"https:\/\/biharugra.reformatus.hu\/?page_id=1696","url_meta":{"origin":416,"position":5},"title":"\u00d6kumenikus \u00e9nekcsoport","author":"Webmester","date":"2017.09.22.","format":false,"excerpt":"Szeretn\u00e9k \u00e9nekelni N\u00e9ked \u00a0 Szeretn\u00e9k \u00e9nekelni N\u00e9ked, Uram, nyisd meg az ajkamat, hogy szent legyen mindig az \u00e9nek, amely sz\u00edvemb\u0151l felfakad. \u00a0 Hadd zengjem el, hogy sz\u00e1zszor \u00e1ldott keresztedn\u00e9l ki megpihen, hadd zengjem el, hogy megtal\u00e1lt ott s b\u00e9k\u00e9re lelt az \u00e9n sz\u00edvem. \u00a0 Szeretn\u00e9k \u00e9nekelni m\u00e1snak hogy N\u00e9ked \u00e9nekelni\u2026","rel":"","context":"Similar post","block_context":{"text":"Similar post","link":""},"img":{"alt_text":"","src":"https:\/\/i0.wp.com\/biharugra.reformatus.hu\/wp-content\/uploads\/2017\/09\/22015628_124895474837275_1490268778_o-1024x683.jpg?resize=350%2C200","width":350,"height":200,"srcset":"https:\/\/i0.wp.com\/biharugra.reformatus.hu\/wp-content\/uploads\/2017\/09\/22015628_124895474837275_1490268778_o-1024x683.jpg?resize=350%2C200 1x, https:\/\/i0.wp.com\/biharugra.reformatus.hu\/wp-content\/uploads\/2017\/09\/22015628_124895474837275_1490268778_o-1024x683.jpg?resize=525%2C300 1.5x"},"classes":[]}],"jetpack_sharing_enabled":true,"_links":{"self":[{"href":"https:\/\/biharugra.reformatus.hu\/index.php?rest_route=\/wp\/v2\/pages\/416","targetHints":{"allow":["GET"]}}],"collection":[{"href":"https:\/\/biharugra.reformatus.hu\/index.php?rest_route=\/wp\/v2\/pages"}],"about":[{"href":"https:\/\/biharugra.reformatus.hu\/index.php?rest_route=\/wp\/v2\/types\/page"}],"author":[{"embeddable":true,"href":"https:\/\/biharugra.reformatus.hu\/index.php?rest_route=\/wp\/v2\/users\/1"}],"replies":[{"embeddable":true,"href":"https:\/\/biharugra.reformatus.hu\/index.php?rest_route=%2Fwp%2Fv2%2Fcomments&post=416"}],"version-history":[{"count":1,"href":"https:\/\/biharugra.reformatus.hu\/index.php?rest_route=\/wp\/v2\/pages\/416\/revisions"}],"predecessor-version":[{"id":417,"href":"https:\/\/biharugra.reformatus.hu\/index.php?rest_route=\/wp\/v2\/pages\/416\/revisions\/417"}],"wp:attachment":[{"href":"https:\/\/biharugra.reformatus.hu\/index.php?rest_route=%2Fwp%2Fv2%2Fmedia&parent=416"}],"curies":[{"name":"wp","href":"https:\/\/api.w.org\/{rel}","templated":true}]}}